{"id":8475,"date":"2022-09-09T10:31:14","date_gmt":"2022-09-09T08:31:14","guid":{"rendered":"https:\/\/www.vielsalm-tourisme.be\/fr\/?page_id=8475"},"modified":"2022-09-16T16:37:57","modified_gmt":"2022-09-16T14:37:57","slug":"les-tresors-du-pays-de-salm-le-musee-du-coticule","status":"publish","type":"page","link":"https:\/\/www.vielsalm-tourisme.be\/fr\/index.php\/les-tresors-du-pays-de-salm-le-musee-du-coticule\/","title":{"rendered":"Les tr\u00e9sors du pays de salm &#8211; le mus\u00e9e du coticule"},"content":{"rendered":"\t\t<div data-elementor-type=\"wp-post\" data-elementor-id=\"8475\" class=\"elementor elementor-8475 elementor-bc-flex-widget\">\n\t\t\t\t\t\t<section class=\"elementor-section elementor-top-section elementor-element elementor-element-6ee4bb24 elementor-section-stretched elementor-section-boxed elementor-section-height-default elementor-section-height-default\" data-id=\"6ee4bb24\" data-element_type=\"section\" data-settings=\"{&quot;stretch_section&quot;:&quot;section-stretched&quot;}\">\n\t\t\t\t\t\t<div class=\"elementor-container elementor-column-gap-default\">\n\t\t\t\t\t<div class=\"elementor-column elementor-col-100 elementor-top-column elementor-element elementor-element-22c00915\" data-id=\"22c00915\" data-element_type=\"column\">\n\t\t\t<div class=\"elementor-widget-wrap elementor-element-populated\">\n\t\t\t\t\t\t<div class=\"elementor-element elementor-element-2d5f61f0 elementor-widget elementor-widget-heading\" data-id=\"2d5f61f0\" data-element_type=\"widget\" data-widget_type=\"heading.default\">\n\t\t\t\t<div class=\"elementor-widget-container\">\n\t\t\t<h2 class=\"elementor-heading-title elementor-size-default\">Le mus\u00e9e du coticule<\/h2>\t\t<\/div>\n\t\t\t\t<\/div>\n\t\t\t\t\t<\/div>\n\t\t<\/div>\n\t\t\t\t\t<\/div>\n\t\t<\/section>\n\t\t\t\t<section class=\"elementor-section elementor-top-section elementor-element elementor-element-1e959706 elementor-section-stretched elementor-section-boxed elementor-section-height-default elementor-section-height-default\" data-id=\"1e959706\" data-element_type=\"section\" data-settings=\"{&quot;stretch_section&quot;:&quot;section-stretched&quot;}\">\n\t\t\t\t\t\t<div class=\"elementor-container elementor-column-gap-default\">\n\t\t\t\t\t<div class=\"elementor-column elementor-col-50 elementor-top-column elementor-element elementor-element-7a52e860\" data-id=\"7a52e860\" data-element_type=\"column\" data-settings=\"{&quot;background_background&quot;:&quot;classic&quot;}\">\n\t\t\t<div class=\"elementor-widget-wrap elementor-element-populated\">\n\t\t\t\t\t\t<div class=\"elementor-element elementor-element-44560641 elementor-widget elementor-widget-image\" data-id=\"44560641\" data-element_type=\"widget\" data-widget_type=\"image.default\">\n\t\t\t\t<div class=\"elementor-widget-container\">\n\t\t\t\t\t\t\t\t\t\t\t\t\t<img fetchpriority=\"high\" decoding=\"async\" width=\"360\" height=\"240\" src=\"https:\/\/www.vielsalm-tourisme.be\/fr\/wp-content\/uploads\/2022\/09\/tps_musee_lapidaire-360x240.jpg\" class=\"attachment-hestia-blog size-hestia-blog wp-image-8476\" alt=\"\" \/>\t\t\t\t\t\t\t\t\t\t\t\t\t<\/div>\n\t\t\t\t<\/div>\n\t\t\t\t\t<\/div>\n\t\t<\/div>\n\t\t\t\t<div class=\"elementor-column elementor-col-50 elementor-top-column elementor-element elementor-element-232a69e5\" data-id=\"232a69e5\" data-element_type=\"column\" data-settings=\"{&quot;background_background&quot;:&quot;classic&quot;}\">\n\t\t\t<div class=\"elementor-widget-wrap elementor-element-populated\">\n\t\t\t\t\t\t<div class=\"elementor-element elementor-element-2b37367b elementor-widget elementor-widget-image\" data-id=\"2b37367b\" data-element_type=\"widget\" data-widget_type=\"image.default\">\n\t\t\t\t<div class=\"elementor-widget-container\">\n\t\t\t\t\t\t\t\t\t\t\t\t\t<img decoding=\"async\" width=\"360\" height=\"240\" src=\"https:\/\/www.vielsalm-tourisme.be\/fr\/wp-content\/uploads\/2022\/09\/tps_musee-360x240.jpg\" class=\"attachment-hestia-blog size-hestia-blog wp-image-8477\" alt=\"\" \/>\t\t\t\t\t\t\t\t\t\t\t\t\t<\/div>\n\t\t\t\t<\/div>\n\t\t\t\t\t<\/div>\n\t\t<\/div>\n\t\t\t\t\t<\/div>\n\t\t<\/section>\n\t\t\t\t<section class=\"elementor-section elementor-top-section elementor-element elementor-element-20443146 elementor-section-stretched elementor-section-boxed elementor-section-height-default elementor-section-height-default\" data-id=\"20443146\" data-element_type=\"section\" data-settings=\"{&quot;stretch_section&quot;:&quot;section-stretched&quot;}\">\n\t\t\t\t\t\t<div class=\"elementor-container elementor-column-gap-default\">\n\t\t\t\t\t<div class=\"elementor-column elementor-col-100 elementor-top-column elementor-element elementor-element-745b9c8\" data-id=\"745b9c8\" data-element_type=\"column\">\n\t\t\t<div class=\"elementor-widget-wrap elementor-element-populated\">\n\t\t\t\t\t\t<div class=\"elementor-element elementor-element-26c12952 elementor-widget elementor-widget-text-editor\" data-id=\"26c12952\" data-element_type=\"widget\" data-widget_type=\"text-editor.default\">\n\t\t\t\t<div class=\"elementor-widget-container\">\n\t\t\t\t\t\t\t<p>Qu\u2019est-ce donc que le <strong>coticule<\/strong><em>\u00a0<\/em>? C\u2019est une roche s\u00e9dimentaire (donc d\u00e9pos\u00e9e au fond au fond d\u2019une mer). Elle en diff\u00e8re par sa teinte g\u00e9n\u00e9ralement jaun\u00e2tre et par le fait qu\u2019elle <strong>contient quantit\u00e9 de microscopiques <em>grenats<\/em>.<\/strong> Leur duret\u00e9 ainsi que leur taille minuscule font qu\u2019ils donnent une <strong>pierre \u00e0 aiguiser<\/strong> extr\u00eamement fine et efficace. Il s\u2019agit d\u2019une industrie unique au monde<em>.<\/em><\/p><p>Le <em>Mus\u00e9e du coticule<\/em> est <strong>un ancien atelier<\/strong> o\u00f9 cette pierre \u00e9tait fa\u00e7onn\u00e9e pour en faire les c\u00e9l\u00e8bres \u00ab\u00a0pierres \u00e0 rasoir belges\u00a0\u00bb, r\u00e9put\u00e9es dans le monde entier.<\/p><p>Entre 1980 et 1982 L\u2019ASBL \u00ab\u00a0Val du Glain, Terre de Salm\u00a0\u00bb a entreprit de sauver le b\u00e2timent et de restaurer toutes les machines qui y fonctionnent encore \u00e0 l\u2019heure actuelle.\u00a0<\/p><p><strong>Le b\u00e2timent a \u00e9t\u00e9 construit en 1923<\/strong>, en moellons de schiste r\u00e9gional. Son toit, en pente assez faible, est couvert des c\u00e9l\u00e8bres <em>h\u00e8rbins<\/em>, grandes ardoises traditionnelles du Pays de Salm. Entre le moment de sa construction et celui de son abandon en 1955, il a abrit\u00e9 <strong>entre vingt et trente ouvriers<\/strong>\u00a0: c\u2019\u00e9tait l\u2019atelier le plus important de la r\u00e9gion.<\/p>\t\t\t\t\t\t<\/div>\n\t\t\t\t<\/div>\n\t\t\t\t\t<\/div>\n\t\t<\/div>\n\t\t\t\t\t<\/div>\n\t\t<\/section>\n\t\t\t\t<section class=\"elementor-section elementor-top-section elementor-element elementor-element-d65877d elementor-section-stretched elementor-section-boxed elementor-section-height-default elementor-section-height-default\" data-id=\"d65877d\" data-element_type=\"section\" data-settings=\"{&quot;stretch_section&quot;:&quot;section-stretched&quot;}\">\n\t\t\t\t\t\t<div class=\"elementor-container elementor-column-gap-default\">\n\t\t\t\t\t<div class=\"elementor-column elementor-col-100 elementor-top-column elementor-element elementor-element-2e01856\" data-id=\"2e01856\" data-element_type=\"column\">\n\t\t\t<div class=\"elementor-widget-wrap elementor-element-populated\">\n\t\t\t\t\t\t<div class=\"elementor-element elementor-element-00b3e9f elementor-widget elementor-widget-heading\" data-id=\"00b3e9f\" data-element_type=\"widget\" data-widget_type=\"heading.default\">\n\t\t\t\t<div class=\"elementor-widget-container\">\n\t\t\t<h2 class=\"elementor-heading-title elementor-size-default\">Het mus\u00e9e du coticule<\/h2>\t\t<\/div>\n\t\t\t\t<\/div>\n\t\t\t\t\t<\/div>\n\t\t<\/div>\n\t\t\t\t\t<\/div>\n\t\t<\/section>\n\t\t\t\t<section class=\"elementor-section elementor-top-section elementor-element elementor-element-d167003 elementor-section-stretched elementor-section-boxed elementor-section-height-default elementor-section-height-default\" data-id=\"d167003\" data-element_type=\"section\" data-settings=\"{&quot;stretch_section&quot;:&quot;section-stretched&quot;}\">\n\t\t\t\t\t\t<div class=\"elementor-container elementor-column-gap-default\">\n\t\t\t\t\t<div class=\"elementor-column elementor-col-100 elementor-top-column elementor-element elementor-element-3e2d07e\" data-id=\"3e2d07e\" data-element_type=\"column\">\n\t\t\t<div class=\"elementor-widget-wrap elementor-element-populated\">\n\t\t\t\t\t\t<div class=\"elementor-element elementor-element-da617e6 elementor-widget elementor-widget-text-editor\" data-id=\"da617e6\" data-element_type=\"widget\" data-widget_type=\"text-editor.default\">\n\t\t\t\t<div class=\"elementor-widget-container\">\n\t\t\t\t\t\t\t<p>Wat is <strong><em>coticule<\/em><\/strong>\u00a0? Het is een sedimentair gesteente (een afzettingsgesteente). Het verschilt ervan door zijn geelachtige kleur en door het feit dat het <strong>veel microscopische granaatjes bevat<\/strong>. Hun hardheid evenals hun heel kleine afmetingen zorgen ervoor dat ze een zeer fijne en doeltreffende <strong>slijpsteen<\/strong> opleveren. Deze industrie is uniek in de wereld.<\/p><p>Het <em>Mus\u00e9e du Coticule<\/em> is een <strong>voormalige werkplaats<\/strong> waar deze steen verwerkt werd tot de wereldberoemde \u201cB<em>elgische scheermesstenen<\/em>\u201d.<\/p><p>Tussen 1980 en 1982 ondernam de VZW \u2018Val de Glain, Terre de Salm\u201d de nodige acties die leidden tot de redding van het gebouw en het restaureren van alle machines die vandaag nog steeds werken.<\/p><p><strong>Het gebouw werd in 1923<\/strong> met lokale leisteenblokken <strong>gebouwd<\/strong>. Het dak is bedekt met <em>h\u00e8rbins<\/em>, de traditionele leisteen van het Land van Salm. <strong>Tussen twintig en dertig arbeiders<\/strong> werkten er tot 1955. Het was de grootste werkplaats van de streek.<\/p>\t\t\t\t\t\t<\/div>\n\t\t\t\t<\/div>\n\t\t\t\t\t<\/div>\n\t\t<\/div>\n\t\t\t\t\t<\/div>\n\t\t<\/section>\n\t\t\t\t<section class=\"elementor-section elementor-top-section elementor-element elementor-element-d133b5f elementor-section-stretched elementor-section-boxed elementor-section-height-default elementor-section-height-default\" data-id=\"d133b5f\" data-element_type=\"section\" data-settings=\"{&quot;stretch_section&quot;:&quot;section-stretched&quot;}\">\n\t\t\t\t\t\t<div class=\"elementor-container elementor-column-gap-default\">\n\t\t\t\t\t<div class=\"elementor-column elementor-col-100 elementor-top-column elementor-element elementor-element-0d8a95b\" data-id=\"0d8a95b\" data-element_type=\"column\">\n\t\t\t<div class=\"elementor-widget-wrap elementor-element-populated\">\n\t\t\t\t\t\t<div class=\"elementor-element elementor-element-2f9875e elementor-widget elementor-widget-heading\" data-id=\"2f9875e\" data-element_type=\"widget\" data-widget_type=\"heading.default\">\n\t\t\t\t<div class=\"elementor-widget-container\">\n\t\t\t<h2 class=\"elementor-heading-title elementor-size-default\">The Coticule Museum<\/h2>\t\t<\/div>\n\t\t\t\t<\/div>\n\t\t\t\t\t<\/div>\n\t\t<\/div>\n\t\t\t\t\t<\/div>\n\t\t<\/section>\n\t\t\t\t<section class=\"elementor-section elementor-top-section elementor-element elementor-element-43e1b54 elementor-section-stretched elementor-section-boxed elementor-section-height-default elementor-section-height-default\" data-id=\"43e1b54\" data-element_type=\"section\" data-settings=\"{&quot;stretch_section&quot;:&quot;section-stretched&quot;}\">\n\t\t\t\t\t\t<div class=\"elementor-container elementor-column-gap-default\">\n\t\t\t\t\t<div class=\"elementor-column elementor-col-100 elementor-top-column elementor-element elementor-element-e4973cf\" data-id=\"e4973cf\" data-element_type=\"column\">\n\t\t\t<div class=\"elementor-widget-wrap elementor-element-populated\">\n\t\t\t\t\t\t<div class=\"elementor-element elementor-element-7839f5b elementor-widget elementor-widget-text-editor\" data-id=\"7839f5b\" data-element_type=\"widget\" data-widget_type=\"text-editor.default\">\n\t\t\t\t<div class=\"elementor-widget-container\">\n\t\t\t\t\t\t\t<p>What is <strong><em>coticule<\/em><\/strong>? It is a sedimentary rock (meaning deposited at the bottom of a sea). It differs by its yellowish colour and through the fact that it <strong>contains microscopic garnets<\/strong>. Their hardness and extremely small size make the coticule a very fine and efficient <strong>whetstone<\/strong>. This industry is unique in the world.<\/p><p>The Coticule Museum is a <strong>former workplace<\/strong> where this stone was transformed to make the world-famous \u201c<em>Belgian razor stone\u201d<\/em>.<\/p><p>Between 1980 and 1982 the non-profit organization \u201cVal de Glain, Terre de Salm\u201d undertook to save the building and to restore the machinery which still works to this day.<\/p><p>The <strong>building <\/strong>which<strong> dates back to 1923<\/strong> is made of local schist. The roof is covered with <em>h\u00e8rbins, <\/em>the traditional large slates of the Country of Salm. <strong>Between twenty and thirty people worked<\/strong> here until its closure in 1955. It was the biggest workplace of the region.<\/p>\t\t\t\t\t\t<\/div>\n\t\t\t\t<\/div>\n\t\t\t\t\t<\/div>\n\t\t<\/div>\n\t\t\t\t\t<\/div>\n\t\t<\/section>\n\t\t\t\t<section class=\"elementor-section elementor-top-section elementor-element elementor-element-1520326 elementor-section-stretched elementor-section-boxed elementor-section-height-default elementor-section-height-default\" data-id=\"1520326\" data-element_type=\"section\" data-settings=\"{&quot;stretch_section&quot;:&quot;section-stretched&quot;}\">\n\t\t\t\t\t\t<div class=\"elementor-container elementor-column-gap-default\">\n\t\t\t\t\t<div class=\"elementor-column elementor-col-100 elementor-top-column elementor-element elementor-element-3ab3500\" data-id=\"3ab3500\" data-element_type=\"column\">\n\t\t\t<div class=\"elementor-widget-wrap elementor-element-populated\">\n\t\t\t\t\t\t<div class=\"elementor-element elementor-element-266efc1 elementor-widget elementor-widget-heading\" data-id=\"266efc1\" data-element_type=\"widget\" data-widget_type=\"heading.default\">\n\t\t\t\t<div class=\"elementor-widget-container\">\n\t\t\t<h2 class=\"elementor-heading-title elementor-size-default\">Das Coticule-Museum <\/h2>\t\t<\/div>\n\t\t\t\t<\/div>\n\t\t\t\t\t<\/div>\n\t\t<\/div>\n\t\t\t\t\t<\/div>\n\t\t<\/section>\n\t\t\t\t<section class=\"elementor-section elementor-top-section elementor-element elementor-element-bd3eee4 elementor-section-stretched elementor-section-boxed elementor-section-height-default elementor-section-height-default\" data-id=\"bd3eee4\" data-element_type=\"section\" data-settings=\"{&quot;stretch_section&quot;:&quot;section-stretched&quot;}\">\n\t\t\t\t\t\t<div class=\"elementor-container elementor-column-gap-default\">\n\t\t\t\t\t<div class=\"elementor-column elementor-col-100 elementor-top-column elementor-element elementor-element-c39f360\" data-id=\"c39f360\" data-element_type=\"column\">\n\t\t\t<div class=\"elementor-widget-wrap elementor-element-populated\">\n\t\t\t\t\t\t<div class=\"elementor-element elementor-element-40a2ac7 elementor-widget elementor-widget-text-editor\" data-id=\"40a2ac7\" data-element_type=\"widget\" data-widget_type=\"text-editor.default\">\n\t\t\t\t<div class=\"elementor-widget-container\">\n\t\t\t\t\t\t\t<p>Was ist <strong>Coticule<\/strong>? Coticule ist ein Sedimentgestein (also vom Meeresgrund). Coticule unterscheidet sich vom Schiefer durch seine cremegelbe Farbe und dadurch, dass es <strong>mikroskopisch kleine Granate enth\u00e4lt<\/strong>. Die H\u00e4rte der Granate und ihre extrem geringe Gr\u00f6\u00dfe machen Coticule zu einem sehr feinen und effizienten Schleifstein. Die Herstellung von <strong>Schleifsteinen<\/strong> aus Coticule ist ein weltweit einzigartiges Handwerk. Das Coticule-Museum ist eine <strong>ehemalige Werkstatt<\/strong>, in der aus dem Werkstein Coticule der weltbekannte \u201ebelgische Rasierstein\u201c hergestellt wurde. Zwischen 1980 und 1982 \u00fcbernahm der gemeinn\u00fctzige Verein \u201eVal de Glain, Terre de Salm\u201c die Sanierung des alten Geb\u00e4udes und die Restaurierung der heute noch funktionsf\u00e4higen Maschinen. <strong>Das Geb\u00e4ude wurde 1923<\/strong> aus heimischem Schiefer <strong>errichtet<\/strong>. Das Dach wurde mit den ber\u00fchmten, aus der Region stammenden Dachschieferplatten, den sogenannten \u201eh\u00e8rbins\u201c, traditionell eingedeckt. Bis zur Schlie\u00dfung der Werkstatt im Jahr 1955 <strong>arbeiteten hier etwa 20 bis 30 Arbeiter.<\/strong> Es war die gr\u00f6\u00dfte Werkstatt ihrer Art in der gesamten Region.<\/p>\t\t\t\t\t\t<\/div>\n\t\t\t\t<\/div>\n\t\t\t\t\t<\/div>\n\t\t<\/div>\n\t\t\t\t\t<\/div>\n\t\t<\/section>\n\t\t\t\t<section class=\"elementor-section elementor-top-section elementor-element elementor-element-537d869e elementor-section-stretched elementor-section-boxed elementor-section-height-default elementor-section-height-default\" data-id=\"537d869e\" data-element_type=\"section\" data-settings=\"{&quot;stretch_section&quot;:&quot;section-stretched&quot;}\">\n\t\t\t\t\t\t<div class=\"elementor-container elementor-column-gap-default\">\n\t\t\t\t\t<div class=\"elementor-column elementor-col-100 elementor-top-column elementor-element elementor-element-38e1538e\" data-id=\"38e1538e\" data-element_type=\"column\">\n\t\t\t<div class=\"elementor-widget-wrap elementor-element-populated\">\n\t\t\t\t\t\t<div class=\"elementor-element elementor-element-3ac41d32 elementor-widget elementor-widget-spacer\" data-id=\"3ac41d32\" data-element_type=\"widget\" data-widget_type=\"spacer.default\">\n\t\t\t\t<div class=\"elementor-widget-container\">\n\t\t\t\t\t<div class=\"elementor-spacer\">\n\t\t\t<div class=\"elementor-spacer-inner\"><\/div>\n\t\t<\/div>\n\t\t\t\t<\/div>\n\t\t\t\t<\/div>\n\t\t\t\t\t<\/div>\n\t\t<\/div>\n\t\t\t\t\t<\/div>\n\t\t<\/section>\n\t\t\t\t<section class=\"elementor-section elementor-top-section elementor-element elementor-element-606d506e elementor-section-stretched elementor-section-boxed elementor-section-height-default elementor-section-height-default\" data-id=\"606d506e\" data-element_type=\"section\" data-settings=\"{&quot;stretch_section&quot;:&quot;section-stretched&quot;,&quot;shape_divider_top&quot;:&quot;book&quot;}\">\n\t\t\t\t\t<div class=\"elementor-shape elementor-shape-top\" data-negative=\"false\">\n\t\t\t<svg xmlns=\"http:\/\/www.w3.org\/2000\/svg\" viewBox=\"0 0 1000 100\" preserveAspectRatio=\"none\">\n\t<path class=\"elementor-shape-fill\" d=\"M194,99c186.7,0.7,305-78.3,306-97.2c1,18.9,119.3,97.9,306,97.2c114.3-0.3,194,0.3,194,0.3s0-91.7,0-100c0,0,0,0,0-0 L0,0v99.3C0,99.3,79.7,98.7,194,99z\"\/>\n<\/svg>\t\t<\/div>\n\t\t\t\t\t<div class=\"elementor-container elementor-column-gap-default\">\n\t\t\t\t\t<div class=\"elementor-column elementor-col-100 elementor-top-column elementor-element elementor-element-24bc98a6\" data-id=\"24bc98a6\" data-element_type=\"column\">\n\t\t\t<div class=\"elementor-widget-wrap\">\n\t\t\t\t\t\t\t<\/div>\n\t\t<\/div>\n\t\t\t\t\t<\/div>\n\t\t<\/section>\n\t\t\t\t<section class=\"elementor-section elementor-top-section elementor-element elementor-element-5738d7f1 elementor-section-boxed elementor-section-height-default elementor-section-height-default\" data-id=\"5738d7f1\" data-element_type=\"section\">\n\t\t\t\t\t\t<div class=\"elementor-container elementor-column-gap-default\">\n\t\t\t\t\t<div class=\"elementor-column elementor-col-100 elementor-top-column elementor-element elementor-element-5069dd52\" data-id=\"5069dd52\" data-element_type=\"column\">\n\t\t\t<div class=\"elementor-widget-wrap elementor-element-populated\">\n\t\t\t\t\t\t<div class=\"elementor-element elementor-element-2f4cf320 elementor-widget elementor-widget-spacer\" data-id=\"2f4cf320\" data-element_type=\"widget\" data-widget_type=\"spacer.default\">\n\t\t\t\t<div class=\"elementor-widget-container\">\n\t\t\t\t\t<div class=\"elementor-spacer\">\n\t\t\t<div class=\"elementor-spacer-inner\"><\/div>\n\t\t<\/div>\n\t\t\t\t<\/div>\n\t\t\t\t<\/div>\n\t\t\t\t\t<\/div>\n\t\t<\/div>\n\t\t\t\t\t<\/div>\n\t\t<\/section>\n\t\t\t\t<section class=\"elementor-section elementor-top-section elementor-element elementor-element-73b4fe5d elementor-section-stretched elementor-section-boxed elementor-section-height-default elementor-section-height-default\" data-id=\"73b4fe5d\" data-element_type=\"section\" data-settings=\"{&quot;stretch_section&quot;:&quot;section-stretched&quot;}\">\n\t\t\t\t\t\t<div class=\"elementor-container elementor-column-gap-default\">\n\t\t\t\t\t<div class=\"elementor-column elementor-col-25 elementor-top-column elementor-element elementor-element-626ffb6e\" data-id=\"626ffb6e\" data-element_type=\"column\">\n\t\t\t<div class=\"elementor-widget-wrap elementor-element-populated\">\n\t\t\t\t\t\t<div class=\"elementor-element elementor-element-3c46fa49 elementor-widget elementor-widget-heading\" data-id=\"3c46fa49\" data-element_type=\"widget\" data-widget_type=\"heading.default\">\n\t\t\t\t<div class=\"elementor-widget-container\">\n\t\t\t<h6 class=\"elementor-heading-title elementor-size-default\"><a href=\"http:\/\/www.vielsalm-tourisme.be\/fr\/index.php\/nos-brochures\/\">Commandez nos brochures<\/a><\/h6>\t\t<\/div>\n\t\t\t\t<\/div>\n\t\t\t\t<div class=\"elementor-element elementor-element-1132f17b elementor-widget elementor-widget-image\" data-id=\"1132f17b\" data-element_type=\"widget\" data-widget_type=\"image.default\">\n\t\t\t\t<div class=\"elementor-widget-container\">\n\t\t\t\t\t\t\t\t\t\t\t\t\t\t<a href=\"http:\/\/www.vielsalm-tourisme.be\/fr\/index.php\/nos-brochures\/\">\n\t\t\t\t\t\t\t<img decoding=\"async\" width=\"360\" height=\"240\" src=\"https:\/\/www.vielsalm-tourisme.be\/fr\/wp-content\/uploads\/2019\/02\/brochures-360x240.jpg\" class=\"attachment-hestia-blog size-hestia-blog wp-image-350\" alt=\"\" \/>\t\t\t\t\t\t\t\t<\/a>\n\t\t\t\t\t\t\t\t\t\t\t\t\t<\/div>\n\t\t\t\t<\/div>\n\t\t\t\t\t<\/div>\n\t\t<\/div>\n\t\t\t\t<div class=\"elementor-column elementor-col-25 elementor-top-column elementor-element elementor-element-1cf3d199\" data-id=\"1cf3d199\" data-element_type=\"column\">\n\t\t\t<div class=\"elementor-widget-wrap elementor-element-populated\">\n\t\t\t\t\t\t<div class=\"elementor-element elementor-element-3c9474f9 elementor-widget elementor-widget-heading\" data-id=\"3c9474f9\" data-element_type=\"widget\" data-widget_type=\"heading.default\">\n\t\t\t\t<div class=\"elementor-widget-container\">\n\t\t\t<h6 class=\"elementor-heading-title elementor-size-default\"><a href=\"https:\/\/vacances-vielsalm.com\/\" target=\"_blank\">Visitez notre blog<\/a><\/h6>\t\t<\/div>\n\t\t\t\t<\/div>\n\t\t\t\t<div class=\"elementor-element elementor-element-1616f34d elementor-widget elementor-widget-image\" data-id=\"1616f34d\" data-element_type=\"widget\" data-widget_type=\"image.default\">\n\t\t\t\t<div class=\"elementor-widget-container\">\n\t\t\t\t\t\t\t\t\t\t\t\t\t\t<a href=\"https:\/\/vacances-vielsalm.com\/\" target=\"_blank\">\n\t\t\t\t\t\t\t<img loading=\"lazy\" decoding=\"async\" width=\"360\" height=\"240\" src=\"https:\/\/www.vielsalm-tourisme.be\/fr\/wp-content\/uploads\/2019\/02\/blog-360x240.jpg\" class=\"attachment-hestia-blog size-hestia-blog wp-image-343\" alt=\"\" srcset=\"https:\/\/www.vielsalm-tourisme.be\/fr\/wp-content\/uploads\/2019\/02\/blog-360x240.jpg 360w, https:\/\/www.vielsalm-tourisme.be\/fr\/wp-content\/uploads\/2019\/02\/blog-300x199.jpg 300w, https:\/\/www.vielsalm-tourisme.be\/fr\/wp-content\/uploads\/2019\/02\/blog.jpg 668w\" sizes=\"(max-width: 360px) 100vw, 360px\" \/>\t\t\t\t\t\t\t\t<\/a>\n\t\t\t\t\t\t\t\t\t\t\t\t\t<\/div>\n\t\t\t\t<\/div>\n\t\t\t\t\t<\/div>\n\t\t<\/div>\n\t\t\t\t<div class=\"elementor-column elementor-col-25 elementor-top-column elementor-element elementor-element-51a65239\" data-id=\"51a65239\" data-element_type=\"column\">\n\t\t\t<div class=\"elementor-widget-wrap elementor-element-populated\">\n\t\t\t\t\t\t<div class=\"elementor-element elementor-element-5cc1df39 elementor-widget elementor-widget-heading\" data-id=\"5cc1df39\" data-element_type=\"widget\" data-widget_type=\"heading.default\">\n\t\t\t\t<div class=\"elementor-widget-container\">\n\t\t\t<h6 class=\"elementor-heading-title elementor-size-default\"><a href=\"https:\/\/www.youtube.com\/watch?v=Y1LQPcY3SI8\" target=\"_blank\">D\u00e9couvrez Vielsalm<\/a><\/h6>\t\t<\/div>\n\t\t\t\t<\/div>\n\t\t\t\t<div class=\"elementor-element elementor-element-58da09af elementor-widget elementor-widget-image\" data-id=\"58da09af\" data-element_type=\"widget\" data-widget_type=\"image.default\">\n\t\t\t\t<div class=\"elementor-widget-container\">\n\t\t\t\t\t\t\t\t\t\t\t\t\t\t<a href=\"https:\/\/www.youtube.com\/watch?v=Y1LQPcY3SI8\" target=\"_blank\">\n\t\t\t\t\t\t\t<img loading=\"lazy\" decoding=\"async\" width=\"360\" height=\"240\" src=\"https:\/\/www.vielsalm-tourisme.be\/fr\/wp-content\/uploads\/2021\/01\/miniature_youtube_decouvrir_vielsalm-360x240.jpg\" class=\"attachment-hestia-blog size-hestia-blog wp-image-7611\" alt=\"\" \/>\t\t\t\t\t\t\t\t<\/a>\n\t\t\t\t\t\t\t\t\t\t\t\t\t<\/div>\n\t\t\t\t<\/div>\n\t\t\t\t\t<\/div>\n\t\t<\/div>\n\t\t\t\t<div class=\"elementor-column elementor-col-25 elementor-top-column elementor-element elementor-element-5f5523ec\" data-id=\"5f5523ec\" data-element_type=\"column\">\n\t\t\t<div class=\"elementor-widget-wrap elementor-element-populated\">\n\t\t\t\t\t\t<div class=\"elementor-element elementor-element-1de4899f elementor-widget elementor-widget-heading\" data-id=\"1de4899f\" data-element_type=\"widget\" data-widget_type=\"heading.default\">\n\t\t\t\t<div class=\"elementor-widget-container\">\n\t\t\t<h6 class=\"elementor-heading-title elementor-size-default\"><a href=\"https:\/\/www.haute-ardenne.be\/fr\" target=\"_blank\">Visitez le site de la MT<\/a><\/h6>\t\t<\/div>\n\t\t\t\t<\/div>\n\t\t\t\t<div class=\"elementor-element elementor-element-32d84020 elementor-widget elementor-widget-image\" data-id=\"32d84020\" data-element_type=\"widget\" data-widget_type=\"image.default\">\n\t\t\t\t<div class=\"elementor-widget-container\">\n\t\t\t\t\t\t\t\t\t\t\t\t\t\t<a href=\"https:\/\/www.haute-ardenne.be\/fr\" target=\"_blank\">\n\t\t\t\t\t\t\t<img loading=\"lazy\" decoding=\"async\" width=\"360\" height=\"240\" src=\"https:\/\/www.vielsalm-tourisme.be\/fr\/wp-content\/uploads\/2019\/05\/logo_mt-360x240.jpg\" class=\"attachment-hestia-blog size-hestia-blog wp-image-5246\" alt=\"\" \/>\t\t\t\t\t\t\t\t<\/a>\n\t\t\t\t\t\t\t\t\t\t\t\t\t<\/div>\n\t\t\t\t<\/div>\n\t\t\t\t\t<\/div>\n\t\t<\/div>\n\t\t\t\t\t<\/div>\n\t\t<\/section>\n\t\t\t\t<section class=\"elementor-section elementor-top-section elementor-element elementor-element-60dd575f elementor-section-boxed elementor-section-height-default elementor-section-height-default\" data-id=\"60dd575f\" data-element_type=\"section\">\n\t\t\t\t\t\t<div class=\"elementor-container elementor-column-gap-default\">\n\t\t\t\t\t<div class=\"elementor-column elementor-col-100 elementor-top-column elementor-element elementor-element-15b02102\" data-id=\"15b02102\" data-element_type=\"column\">\n\t\t\t<div class=\"elementor-widget-wrap elementor-element-populated\">\n\t\t\t\t\t\t<div class=\"elementor-element elementor-element-355cd519 elementor-widget elementor-widget-spacer\" data-id=\"355cd519\" data-element_type=\"widget\" data-widget_type=\"spacer.default\">\n\t\t\t\t<div class=\"elementor-widget-container\">\n\t\t\t\t\t<div class=\"elementor-spacer\">\n\t\t\t<div class=\"elementor-spacer-inner\"><\/div>\n\t\t<\/div>\n\t\t\t\t<\/div>\n\t\t\t\t<\/div>\n\t\t\t\t\t<\/div>\n\t\t<\/div>\n\t\t\t\t\t<\/div>\n\t\t<\/section>\n\t\t\t\t<section class=\"elementor-section elementor-top-section elementor-element elementor-element-7e29210f elementor-section-boxed elementor-section-height-default elementor-section-height-default\" data-id=\"7e29210f\" data-element_type=\"section\">\n\t\t\t\t\t\t<div class=\"elementor-container elementor-column-gap-default\">\n\t\t\t\t\t<div class=\"elementor-column elementor-col-100 elementor-top-column elementor-element elementor-element-738f4e3c\" data-id=\"738f4e3c\" data-element_type=\"column\">\n\t\t\t<div class=\"elementor-widget-wrap elementor-element-populated\">\n\t\t\t\t\t\t<div class=\"elementor-element elementor-element-330e7863 elementor-shape-rounded elementor-grid-0 e-grid-align-center elementor-widget elementor-widget-social-icons\" data-id=\"330e7863\" data-element_type=\"widget\" data-widget_type=\"social-icons.default\">\n\t\t\t\t<div class=\"elementor-widget-container\">\n\t\t\t\t\t<div class=\"elementor-social-icons-wrapper elementor-grid\">\n\t\t\t\t\t\t\t<span class=\"elementor-grid-item\">\n\t\t\t\t\t<a class=\"elementor-icon elementor-social-icon elementor-social-icon-facebook elementor-repeater-item-485a3a6\" href=\"https:\/\/www.facebook.com\/SIVielsalm\" target=\"_blank\">\n\t\t\t\t\t\t<span class=\"elementor-screen-only\">Facebook<\/span>\n\t\t\t\t\t\t\t\t\t\t\t\t\t<i class=\"fa fa-facebook\"><\/i>\n\t\t\t\t\t\t\t\t\t\t\t<\/a>\n\t\t\t\t<\/span>\n\t\t\t\t\t\t\t<span class=\"elementor-grid-item\">\n\t\t\t\t\t<a class=\"elementor-icon elementor-social-icon elementor-social-icon-instagram elementor-repeater-item-9ac74f9\" href=\"https:\/\/www.instagram.com\/vielsalmtourisme\/\" target=\"_blank\">\n\t\t\t\t\t\t<span class=\"elementor-screen-only\">Instagram<\/span>\n\t\t\t\t\t\t\t\t\t\t\t\t\t<i class=\"fa fa-instagram\"><\/i>\n\t\t\t\t\t\t\t\t\t\t\t<\/a>\n\t\t\t\t<\/span>\n\t\t\t\t\t<\/div>\n\t\t\t\t<\/div>\n\t\t\t\t<\/div>\n\t\t\t\t\t<\/div>\n\t\t<\/div>\n\t\t\t\t\t<\/div>\n\t\t<\/section>\n\t\t\t\t<section class=\"elementor-section elementor-top-section elementor-element elementor-element-6469ba2e elementor-section-boxed elementor-section-height-default elementor-section-height-default\" data-id=\"6469ba2e\" data-element_type=\"section\">\n\t\t\t\t\t\t<div class=\"elementor-container elementor-column-gap-default\">\n\t\t\t\t\t<div class=\"elementor-column elementor-col-100 elementor-top-column elementor-element elementor-element-5e5fec9e\" data-id=\"5e5fec9e\" data-element_type=\"column\">\n\t\t\t<div class=\"elementor-widget-wrap elementor-element-populated\">\n\t\t\t\t\t\t<div class=\"elementor-element elementor-element-35e378e4 elementor-widget elementor-widget-spacer\" data-id=\"35e378e4\" data-element_type=\"widget\" data-widget_type=\"spacer.default\">\n\t\t\t\t<div class=\"elementor-widget-container\">\n\t\t\t\t\t<div class=\"elementor-spacer\">\n\t\t\t<div class=\"elementor-spacer-inner\"><\/div>\n\t\t<\/div>\n\t\t\t\t<\/div>\n\t\t\t\t<\/div>\n\t\t\t\t\t<\/div>\n\t\t<\/div>\n\t\t\t\t\t<\/div>\n\t\t<\/section>\n\t\t\t\t<section class=\"elementor-section elementor-top-section elementor-element elementor-element-23c488e4 elementor-section-stretched elementor-section-boxed elementor-section-height-default elementor-section-height-default\" data-id=\"23c488e4\" data-element_type=\"section\" data-settings=\"{&quot;background_background&quot;:&quot;classic&quot;,&quot;stretch_section&quot;:&quot;section-stretched&quot;}\">\n\t\t\t\t\t\t<div class=\"elementor-container elementor-column-gap-default\">\n\t\t\t\t\t<div class=\"elementor-column elementor-col-33 elementor-top-column elementor-element elementor-element-57e1faf1\" data-id=\"57e1faf1\" data-element_type=\"column\">\n\t\t\t<div class=\"elementor-widget-wrap elementor-element-populated\">\n\t\t\t\t\t\t<div class=\"elementor-element elementor-element-335749df elementor-view-default elementor-widget elementor-widget-icon\" data-id=\"335749df\" data-element_type=\"widget\" data-widget_type=\"icon.default\">\n\t\t\t\t<div class=\"elementor-widget-container\">\n\t\t\t\t\t<div class=\"elementor-icon-wrapper\">\n\t\t\t<div class=\"elementor-icon\">\n\t\t\t\t\t\t\t<i class=\"fa fa-envelope\" aria-hidden=\"true\"><\/i>\n\t\t\t\t\t\t<\/div>\n\t\t<\/div>\n\t\t\t\t<\/div>\n\t\t\t\t<\/div>\n\t\t\t\t<div class=\"elementor-element elementor-element-7df826b5 elementor-widget elementor-widget-text-editor\" data-id=\"7df826b5\" data-element_type=\"widget\" data-widget_type=\"text-editor.default\">\n\t\t\t\t<div class=\"elementor-widget-container\">\n\t\t\t\t\t\t\t<p><a href=\"mailto:info@vielsalm-tourisme.be\">info@vielsalm-tourisme.be<\/a><\/p>\t\t\t\t\t\t<\/div>\n\t\t\t\t<\/div>\n\t\t\t\t\t<\/div>\n\t\t<\/div>\n\t\t\t\t<div class=\"elementor-column elementor-col-33 elementor-top-column elementor-element elementor-element-bb1133d\" data-id=\"bb1133d\" data-element_type=\"column\">\n\t\t\t<div class=\"elementor-widget-wrap elementor-element-populated\">\n\t\t\t\t\t\t<div class=\"elementor-element elementor-element-63b9d3be elementor-view-default elementor-widget elementor-widget-icon\" data-id=\"63b9d3be\" data-element_type=\"widget\" data-widget_type=\"icon.default\">\n\t\t\t\t<div class=\"elementor-widget-container\">\n\t\t\t\t\t<div class=\"elementor-icon-wrapper\">\n\t\t\t<div class=\"elementor-icon\">\n\t\t\t\t\t\t\t<i class=\"fa fa-map-marker\" aria-hidden=\"true\"><\/i>\n\t\t\t\t\t\t<\/div>\n\t\t<\/div>\n\t\t\t\t<\/div>\n\t\t\t\t<\/div>\n\t\t\t\t<div class=\"elementor-element elementor-element-67df4a57 elementor-widget elementor-widget-text-editor\" data-id=\"67df4a57\" data-element_type=\"widget\" data-widget_type=\"text-editor.default\">\n\t\t\t\t<div class=\"elementor-widget-container\">\n\t\t\t\t\t\t\t<p>Avenue de la Salm, 50<br \/>6690 VIELSALM<\/p>\t\t\t\t\t\t<\/div>\n\t\t\t\t<\/div>\n\t\t\t\t\t<\/div>\n\t\t<\/div>\n\t\t\t\t<div class=\"elementor-column elementor-col-33 elementor-top-column elementor-element elementor-element-7103f65f\" data-id=\"7103f65f\" data-element_type=\"column\">\n\t\t\t<div class=\"elementor-widget-wrap elementor-element-populated\">\n\t\t\t\t\t\t<div class=\"elementor-element elementor-element-11198c75 elementor-view-default elementor-widget elementor-widget-icon\" data-id=\"11198c75\" data-element_type=\"widget\" data-widget_type=\"icon.default\">\n\t\t\t\t<div class=\"elementor-widget-container\">\n\t\t\t\t\t<div class=\"elementor-icon-wrapper\">\n\t\t\t<div class=\"elementor-icon\">\n\t\t\t\t\t\t\t<i class=\"fa fa-phone\" aria-hidden=\"true\"><\/i>\n\t\t\t\t\t\t<\/div>\n\t\t<\/div>\n\t\t\t\t<\/div>\n\t\t\t\t<\/div>\n\t\t\t\t<div class=\"elementor-element elementor-element-3ae6add9 elementor-widget elementor-widget-text-editor\" data-id=\"3ae6add9\" data-element_type=\"widget\" data-widget_type=\"text-editor.default\">\n\t\t\t\t<div class=\"elementor-widget-container\">\n\t\t\t\t\t\t\t<p>+32 (0)80 21 50 52<\/p>\t\t\t\t\t\t<\/div>\n\t\t\t\t<\/div>\n\t\t\t\t\t<\/div>\n\t\t<\/div>\n\t\t\t\t\t<\/div>\n\t\t<\/section>\n\t\t\t\t<section class=\"elementor-section elementor-top-section elementor-element elementor-element-50f4a808 elementor-section-boxed elementor-section-height-default elementor-section-height-default\" data-id=\"50f4a808\" data-element_type=\"section\">\n\t\t\t\t\t\t<div class=\"elementor-container elementor-column-gap-default\">\n\t\t\t\t\t<div class=\"elementor-column elementor-col-100 elementor-top-column elementor-element elementor-element-486dc5a4\" data-id=\"486dc5a4\" data-element_type=\"column\">\n\t\t\t<div class=\"elementor-widget-wrap elementor-element-populated\">\n\t\t\t\t\t\t<div class=\"elementor-element elementor-element-6d0a0bb8 elementor-widget elementor-widget-spacer\" data-id=\"6d0a0bb8\" data-element_type=\"widget\" data-widget_type=\"spacer.default\">\n\t\t\t\t<div class=\"elementor-widget-container\">\n\t\t\t\t\t<div class=\"elementor-spacer\">\n\t\t\t<div class=\"elementor-spacer-inner\"><\/div>\n\t\t<\/div>\n\t\t\t\t<\/div>\n\t\t\t\t<\/div>\n\t\t\t\t\t<\/div>\n\t\t<\/div>\n\t\t\t\t\t<\/div>\n\t\t<\/section>\n\t\t\t\t<section class=\"elementor-section elementor-top-section elementor-element elementor-element-436f3001 elementor-section-stretched elementor-section-boxed elementor-section-height-default elementor-section-height-default\" data-id=\"436f3001\" data-element_type=\"section\" data-settings=\"{&quot;stretch_section&quot;:&quot;section-stretched&quot;}\">\n\t\t\t\t\t\t<div class=\"elementor-container elementor-column-gap-default\">\n\t\t\t\t\t<div class=\"elementor-column elementor-col-33 elementor-top-column elementor-element elementor-element-77609637\" data-id=\"77609637\" data-element_type=\"column\">\n\t\t\t<div class=\"elementor-widget-wrap elementor-element-populated\">\n\t\t\t\t\t\t<div class=\"elementor-element elementor-element-10cc7d5f elementor-widget elementor-widget-image\" data-id=\"10cc7d5f\" data-element_type=\"widget\" data-widget_type=\"image.default\">\n\t\t\t\t<div class=\"elementor-widget-container\">\n\t\t\t\t\t\t\t\t\t\t\t\t\t<img loading=\"lazy\" decoding=\"async\" width=\"100\" height=\"43\" src=\"https:\/\/www.vielsalm-tourisme.be\/fr\/wp-content\/uploads\/2019\/02\/logo_luxmini.jpg\" class=\"attachment-thumbnail size-thumbnail wp-image-398\" alt=\"\" \/>\t\t\t\t\t\t\t\t\t\t\t\t\t<\/div>\n\t\t\t\t<\/div>\n\t\t\t\t\t<\/div>\n\t\t<\/div>\n\t\t\t\t<div class=\"elementor-column elementor-col-33 elementor-top-column elementor-element elementor-element-d895a7\" data-id=\"d895a7\" data-element_type=\"column\">\n\t\t\t<div class=\"elementor-widget-wrap elementor-element-populated\">\n\t\t\t\t\t\t<div class=\"elementor-element elementor-element-1f1995b elementor-widget elementor-widget-image\" data-id=\"1f1995b\" data-element_type=\"widget\" data-widget_type=\"image.default\">\n\t\t\t\t<div class=\"elementor-widget-container\">\n\t\t\t\t\t\t\t\t\t\t\t\t\t<img loading=\"lazy\" decoding=\"async\" width=\"50\" height=\"77\" src=\"https:\/\/www.vielsalm-tourisme.be\/fr\/wp-content\/uploads\/2019\/02\/logo_acmini.jpg\" class=\"attachment-thumbnail size-thumbnail wp-image-400\" alt=\"\" \/>\t\t\t\t\t\t\t\t\t\t\t\t\t<\/div>\n\t\t\t\t<\/div>\n\t\t\t\t\t<\/div>\n\t\t<\/div>\n\t\t\t\t<div class=\"elementor-column elementor-col-33 elementor-top-column elementor-element elementor-element-6a2bc532\" data-id=\"6a2bc532\" data-element_type=\"column\">\n\t\t\t<div class=\"elementor-widget-wrap elementor-element-populated\">\n\t\t\t\t\t\t<div class=\"elementor-element elementor-element-1119befe elementor-widget elementor-widget-image\" data-id=\"1119befe\" data-element_type=\"widget\" data-widget_type=\"image.default\">\n\t\t\t\t<div class=\"elementor-widget-container\">\n\t\t\t\t\t\t\t\t\t\t\t\t\t<img loading=\"lazy\" decoding=\"async\" width=\"100\" height=\"61\" src=\"https:\/\/www.vielsalm-tourisme.be\/fr\/wp-content\/uploads\/2019\/02\/logo_cgtmini.jpg\" class=\"attachment-thumbnail size-thumbnail wp-image-399\" alt=\"\" \/>\t\t\t\t\t\t\t\t\t\t\t\t\t<\/div>\n\t\t\t\t<\/div>\n\t\t\t\t\t<\/div>\n\t\t<\/div>\n\t\t\t\t\t<\/div>\n\t\t<\/section>\n\t\t\t\t<\/div>\n\t\t","protected":false},"excerpt":{"rendered":"<p>Le mus\u00e9e du coticule Qu\u2019est-ce donc que le coticule\u00a0? C\u2019est une roche s\u00e9dimentaire (donc d\u00e9pos\u00e9e au fond au fond d\u2019une mer). Elle en diff\u00e8re par sa teinte g\u00e9n\u00e9ralement jaun\u00e2tre et par le fait qu\u2019elle contient quantit\u00e9 de microscopiques grenats. Leur duret\u00e9 ainsi que leur taille minuscule font qu\u2019ils donnent une [&hellip;]<\/p>\n","protected":false},"author":1,"featured_media":8477,"parent":0,"menu_order":0,"comment_status":"closed","ping_status":"closed","template":"page-templates\/template-pagebuilder-full-width.php","meta":{"_monsterinsights_skip_tracking":false,"_monsterinsights_sitenote_active":false,"_monsterinsights_sitenote_note":"","_monsterinsights_sitenote_category":0,"footnotes":""},"class_list":["post-8475","page","type-page","status-publish","has-post-thumbnail","hentry"],"_links":{"self":[{"href":"https:\/\/www.vielsalm-tourisme.be\/fr\/index.php\/wp-json\/wp\/v2\/pages\/8475","targetHints":{"allow":["GET"]}}],"collection":[{"href":"https:\/\/www.vielsalm-tourisme.be\/fr\/index.php\/wp-json\/wp\/v2\/pages"}],"about":[{"href":"https:\/\/www.vielsalm-tourisme.be\/fr\/index.php\/wp-json\/wp\/v2\/types\/page"}],"author":[{"embeddable":true,"href":"https:\/\/www.vielsalm-tourisme.be\/fr\/index.php\/wp-json\/wp\/v2\/users\/1"}],"replies":[{"embeddable":true,"href":"https:\/\/www.vielsalm-tourisme.be\/fr\/index.php\/wp-json\/wp\/v2\/comments?post=8475"}],"version-history":[{"count":4,"href":"https:\/\/www.vielsalm-tourisme.be\/fr\/index.php\/wp-json\/wp\/v2\/pages\/8475\/revisions"}],"predecessor-version":[{"id":8513,"href":"https:\/\/www.vielsalm-tourisme.be\/fr\/index.php\/wp-json\/wp\/v2\/pages\/8475\/revisions\/8513"}],"wp:featuredmedia":[{"embeddable":true,"href":"https:\/\/www.vielsalm-tourisme.be\/fr\/index.php\/wp-json\/wp\/v2\/media\/8477"}],"wp:attachment":[{"href":"https:\/\/www.vielsalm-tourisme.be\/fr\/index.php\/wp-json\/wp\/v2\/media?parent=8475"}],"curies":[{"name":"wp","href":"https:\/\/api.w.org\/{rel}","templated":true}]}}