{"id":6577,"date":"2019-09-18T12:54:29","date_gmt":"2019-09-18T10:54:29","guid":{"rendered":"https:\/\/www.vielsalm-tourisme.be\/fr\/?page_id=6577"},"modified":"2025-11-30T11:46:24","modified_gmt":"2025-11-30T10:46:24","slug":"chasse","status":"publish","type":"page","link":"https:\/\/www.vielsalm-tourisme.be\/fr\/index.php\/chasse\/","title":{"rendered":"Chasse"},"content":{"rendered":"\t\t<div data-elementor-type=\"wp-post\" data-elementor-id=\"6577\" class=\"elementor elementor-6577\">\n\t\t\t\t\t\t<section class=\"elementor-section elementor-top-section elementor-element elementor-element-e3f00ad elementor-section-stretched elementor-section-boxed elementor-section-height-default elementor-section-height-default\" data-id=\"e3f00ad\" data-element_type=\"section\" data-settings=\"{&quot;stretch_section&quot;:&quot;section-stretched&quot;}\">\n\t\t\t\t\t\t<div class=\"elementor-container elementor-column-gap-default\">\n\t\t\t\t\t<div class=\"elementor-column elementor-col-100 elementor-top-column elementor-element elementor-element-0dddadb\" data-id=\"0dddadb\" data-element_type=\"column\">\n\t\t\t<div class=\"elementor-widget-wrap elementor-element-populated\">\n\t\t\t\t\t\t<div class=\"elementor-element elementor-element-31cda5f elementor-widget elementor-widget-heading\" data-id=\"31cda5f\" data-element_type=\"widget\" data-widget_type=\"heading.default\">\n\t\t\t\t<div class=\"elementor-widget-container\">\n\t\t\t<h2 class=\"elementor-heading-title elementor-size-default\">P\u00e9riode de chasse<\/h2>\t\t<\/div>\n\t\t\t\t<\/div>\n\t\t\t\t\t<\/div>\n\t\t<\/div>\n\t\t\t\t\t<\/div>\n\t\t<\/section>\n\t\t\t\t<section class=\"elementor-section elementor-top-section elementor-element elementor-element-3d77caa elementor-section-stretched elementor-section-boxed elementor-section-height-default elementor-section-height-default\" data-id=\"3d77caa\" data-element_type=\"section\" data-settings=\"{&quot;stretch_section&quot;:&quot;section-stretched&quot;}\">\n\t\t\t\t\t\t<div class=\"elementor-container elementor-column-gap-default\">\n\t\t\t\t\t<div class=\"elementor-column elementor-col-50 elementor-top-column elementor-element elementor-element-53a15ed\" data-id=\"53a15ed\" data-element_type=\"column\">\n\t\t\t<div class=\"elementor-widget-wrap elementor-element-populated\">\n\t\t\t\t\t\t<div class=\"elementor-element elementor-element-0d1994d elementor-widget elementor-widget-image\" data-id=\"0d1994d\" data-element_type=\"widget\" data-widget_type=\"image.default\">\n\t\t\t\t<div class=\"elementor-widget-container\">\n\t\t\t\t\t\t\t\t\t\t\t\t\t<img fetchpriority=\"high\" decoding=\"async\" width=\"360\" height=\"240\" src=\"https:\/\/www.vielsalm-tourisme.be\/fr\/wp-content\/uploads\/2019\/09\/chasse-360x240.jpg\" class=\"attachment-hestia-blog size-hestia-blog wp-image-6578\" alt=\"\" \/>\t\t\t\t\t\t\t\t\t\t\t\t\t<\/div>\n\t\t\t\t<\/div>\n\t\t\t\t\t<\/div>\n\t\t<\/div>\n\t\t\t\t<div class=\"elementor-column elementor-col-50 elementor-top-column elementor-element elementor-element-16cd44f\" data-id=\"16cd44f\" data-element_type=\"column\">\n\t\t\t<div class=\"elementor-widget-wrap elementor-element-populated\">\n\t\t\t\t\t\t<div class=\"elementor-element elementor-element-44745f1 elementor-widget elementor-widget-text-editor\" data-id=\"44745f1\" data-element_type=\"widget\" data-widget_type=\"text-editor.default\">\n\t\t\t\t<div class=\"elementor-widget-container\">\n\t\t\t\t\t\t\t<p style=\"text-align: justify;\">La chasse se d\u00e9roule d\u2019octobre \u00e0 d\u00e9cembre. Voici la liste des promenades impact\u00e9es par la chasse au mois de d\u00e9cembre 2025. Les num\u00e9ros de promenades sont ceux indiqu\u00e9s sur la carte de promenades de Vielsalm.<\/p><p><span style=\"text-decoration: underline;\"><a href=\"https:\/\/www.vielsalm-tourisme.be\/fr\/wp-content\/uploads\/2025\/11\/chasse_vielsalm_decembre.jpg\"><strong>Imprimer la liste des chasses de d\u00e9cembre \u00e0 Vielsalm<\/strong><\/a><\/span><\/p><p style=\"text-align: justify;\">Cette liste est mise \u00e0 jour \u00e0 chaque modification.<\/p><p style=\"text-align: justify;\">N\u2019h\u00e9sitez pas \u00e0 passer au bureau du Syndicat d\u2019initiative de Vielsalm (Avenue de la Salm, 50, t\u00e9l\u00e9phone : 080\/21 50 52), vous pourrez facilement composer votre propre promenade.<\/p><p style=\"text-align: justify;\"><a href=\"https:\/\/www.vielsalm-tourisme.be\/fr\/wp-content\/uploads\/2025\/11\/chasse_vielsalm_decembre25_imprimer.jpg\"><span style=\"text-decoration: underline;\"><strong>La liste des chasses en Haute Ardenne<\/strong><\/span><\/a><\/p>\t\t\t\t\t\t<\/div>\n\t\t\t\t<\/div>\n\t\t\t\t\t<\/div>\n\t\t<\/div>\n\t\t\t\t\t<\/div>\n\t\t<\/section>\n\t\t\t\t<section class=\"elementor-section elementor-top-section elementor-element elementor-element-4794d13 elementor-section-boxed elementor-section-height-default elementor-section-height-default\" data-id=\"4794d13\" data-element_type=\"section\">\n\t\t\t\t\t\t<div class=\"elementor-container elementor-column-gap-default\">\n\t\t\t\t\t<div class=\"elementor-column elementor-col-50 elementor-top-column elementor-element elementor-element-18666c9\" data-id=\"18666c9\" data-element_type=\"column\">\n\t\t\t<div class=\"elementor-widget-wrap elementor-element-populated\">\n\t\t\t\t\t\t<div class=\"elementor-element elementor-element-7090f16 elementor-widget elementor-widget-text-editor\" data-id=\"7090f16\" data-element_type=\"widget\" data-widget_type=\"text-editor.default\">\n\t\t\t\t<div class=\"elementor-widget-container\">\n\t\t\t\t\t\t\t<p style=\"text-align: right;\"><strong>Lundi 1\/12<\/strong><\/p>\t\t\t\t\t\t<\/div>\n\t\t\t\t<\/div>\n\t\t\t\t\t<\/div>\n\t\t<\/div>\n\t\t\t\t<div class=\"elementor-column elementor-col-50 elementor-top-column elementor-element elementor-element-a9ed3cd\" data-id=\"a9ed3cd\" data-element_type=\"column\">\n\t\t\t<div class=\"elementor-widget-wrap elementor-element-populated\">\n\t\t\t\t\t\t<div class=\"elementor-element elementor-element-70b7697 elementor-widget elementor-widget-text-editor\" data-id=\"70b7697\" data-element_type=\"widget\" data-widget_type=\"text-editor.default\">\n\t\t\t\t<div class=\"elementor-widget-container\">\n\t\t\t\t\t\t\t<p><strong>Grand-Halleux :<\/strong><\/p><p><span style=\"text-decoration: underline;\"><strong>Promenade n\u00b07<\/strong><\/span><\/p><p><span style=\"text-decoration: underline;\"><strong>VTT n\u00b02\u00a0<\/strong><\/span><\/p><p><\/p>\t\t\t\t\t\t<\/div>\n\t\t\t\t<\/div>\n\t\t\t\t\t<\/div>\n\t\t<\/div>\n\t\t\t\t\t<\/div>\n\t\t<\/section>\n\t\t\t\t<section class=\"elementor-section elementor-top-section elementor-element elementor-element-d05aa48 elementor-section-boxed elementor-section-height-default elementor-section-height-default\" data-id=\"d05aa48\" data-element_type=\"section\">\n\t\t\t\t\t\t<div class=\"elementor-container elementor-column-gap-default\">\n\t\t\t\t\t<div class=\"elementor-column elementor-col-50 elementor-top-column elementor-element elementor-element-3c35537\" data-id=\"3c35537\" data-element_type=\"column\">\n\t\t\t<div class=\"elementor-widget-wrap elementor-element-populated\">\n\t\t\t\t\t\t<div class=\"elementor-element elementor-element-ad3db03 elementor-widget elementor-widget-text-editor\" data-id=\"ad3db03\" data-element_type=\"widget\" data-widget_type=\"text-editor.default\">\n\t\t\t\t<div class=\"elementor-widget-container\">\n\t\t\t\t\t\t\t<p style=\"text-align: right;\"><strong>Mercredi 3\/12<\/strong><\/p>\t\t\t\t\t\t<\/div>\n\t\t\t\t<\/div>\n\t\t\t\t\t<\/div>\n\t\t<\/div>\n\t\t\t\t<div class=\"elementor-column elementor-col-50 elementor-top-column elementor-element elementor-element-15ecf98\" data-id=\"15ecf98\" data-element_type=\"column\">\n\t\t\t<div class=\"elementor-widget-wrap elementor-element-populated\">\n\t\t\t\t\t\t<div class=\"elementor-element elementor-element-9f42f95 elementor-widget elementor-widget-text-editor\" data-id=\"9f42f95\" data-element_type=\"widget\" data-widget_type=\"text-editor.default\">\n\t\t\t\t<div class=\"elementor-widget-container\">\n\t\t\t\t\t\t\t<p><strong>Rencheux &#8211; La Comt\u00e9 :\u00a0<\/strong><\/p><p><span style=\"text-decoration: underline;\"><a href=\"https:\/\/www.vielsalm-tourisme.be\/fr\/wp-content\/uploads\/2025\/10\/rencheux_lacomte_9332527008.png\"><strong>Promenade n\u00b03<\/strong><\/a><a href=\"https:\/\/www.vielsalm-tourisme.be\/fr\/wp-content\/uploads\/2025\/10\/jevigne_baneux_9332326008.png\"><strong><\/strong><\/a><\/span><\/p><p><a href=\"https:\/\/www.vielsalm-tourisme.be\/fr\/wp-content\/uploads\/2025\/10\/rencheux_lacomte_9332527008.png\"><strong><span><span style=\"text-decoration: underline;\">VTT n\u00b01, 4<\/span><\/span><\/strong><\/a><\/p><p><a href=\"https:\/\/www.vielsalm-tourisme.be\/fr\/index.php\/activites\/a-pied\/promenades-a-theme\/la-nature-en-questions\/\">+ La nature en question<\/a><\/p>\t\t\t\t\t\t<\/div>\n\t\t\t\t<\/div>\n\t\t\t\t\t<\/div>\n\t\t<\/div>\n\t\t\t\t\t<\/div>\n\t\t<\/section>\n\t\t\t\t<section class=\"elementor-section elementor-top-section elementor-element elementor-element-f07d682 elementor-section-boxed elementor-section-height-default elementor-section-height-default\" data-id=\"f07d682\" data-element_type=\"section\">\n\t\t\t\t\t\t<div class=\"elementor-container elementor-column-gap-default\">\n\t\t\t\t\t<div class=\"elementor-column elementor-col-50 elementor-top-column elementor-element elementor-element-8665fe2\" data-id=\"8665fe2\" data-element_type=\"column\">\n\t\t\t<div class=\"elementor-widget-wrap elementor-element-populated\">\n\t\t\t\t\t\t<div class=\"elementor-element elementor-element-8454566 elementor-widget elementor-widget-text-editor\" data-id=\"8454566\" data-element_type=\"widget\" data-widget_type=\"text-editor.default\">\n\t\t\t\t<div class=\"elementor-widget-container\">\n\t\t\t\t\t\t\t<p style=\"text-align: right;\"><strong>Vendredi 5\/12<\/strong><\/p>\t\t\t\t\t\t<\/div>\n\t\t\t\t<\/div>\n\t\t\t\t\t<\/div>\n\t\t<\/div>\n\t\t\t\t<div class=\"elementor-column elementor-col-50 elementor-top-column elementor-element elementor-element-f1527cd\" data-id=\"f1527cd\" data-element_type=\"column\">\n\t\t\t<div class=\"elementor-widget-wrap elementor-element-populated\">\n\t\t\t\t\t\t<div class=\"elementor-element elementor-element-5f11918 elementor-widget elementor-widget-text-editor\" data-id=\"5f11918\" data-element_type=\"widget\" data-widget_type=\"text-editor.default\">\n\t\t\t\t<div class=\"elementor-widget-container\">\n\t\t\t\t\t\t\t<p><strong>Regn\u00e9-H\u00e9bronval :\u00a0<\/strong><\/p><p><a href=\"https:\/\/www.vielsalm-tourisme.be\/fr\/wp-content\/uploads\/2025\/10\/9332527005-Regne-Hebronval.jpeg\"><span style=\"text-decoration: underline;\"><strong>Promenade n\u00b09<\/strong><\/span><\/a><\/p><p><strong>Thier d&#8217;Arsi :\u00a0<\/strong><\/p><p><a href=\"https:\/\/www.vielsalm-tourisme.be\/fr\/wp-content\/uploads\/2025\/10\/thierdarsi_9333527005.png\"><span style=\"text-decoration: underline;\"><strong>VTT n\u00b03<\/strong><\/span><\/a><\/p><p><\/p>\t\t\t\t\t\t<\/div>\n\t\t\t\t<\/div>\n\t\t\t\t\t<\/div>\n\t\t<\/div>\n\t\t\t\t\t<\/div>\n\t\t<\/section>\n\t\t\t\t<section class=\"elementor-section elementor-top-section elementor-element elementor-element-043915b elementor-section-boxed elementor-section-height-default elementor-section-height-default\" data-id=\"043915b\" data-element_type=\"section\">\n\t\t\t\t\t\t<div class=\"elementor-container elementor-column-gap-default\">\n\t\t\t\t\t<div class=\"elementor-column elementor-col-50 elementor-top-column elementor-element elementor-element-e851a8f\" data-id=\"e851a8f\" data-element_type=\"column\">\n\t\t\t<div class=\"elementor-widget-wrap elementor-element-populated\">\n\t\t\t\t\t\t<div class=\"elementor-element elementor-element-fef840a elementor-widget elementor-widget-text-editor\" data-id=\"fef840a\" data-element_type=\"widget\" data-widget_type=\"text-editor.default\">\n\t\t\t\t<div class=\"elementor-widget-container\">\n\t\t\t\t\t\t\t<p style=\"text-align: right;\"><strong>Samedi 6\/12<\/strong><\/p>\t\t\t\t\t\t<\/div>\n\t\t\t\t<\/div>\n\t\t\t\t\t<\/div>\n\t\t<\/div>\n\t\t\t\t<div class=\"elementor-column elementor-col-50 elementor-top-column elementor-element elementor-element-9657b61\" data-id=\"9657b61\" data-element_type=\"column\">\n\t\t\t<div class=\"elementor-widget-wrap elementor-element-populated\">\n\t\t\t\t\t\t<div class=\"elementor-element elementor-element-2db3e2c elementor-widget elementor-widget-text-editor\" data-id=\"2db3e2c\" data-element_type=\"widget\" data-widget_type=\"text-editor.default\">\n\t\t\t\t<div class=\"elementor-widget-container\">\n\t\t\t\t\t\t\t<p><strong>Grand Bois :<\/strong><\/p><p><a href=\"https:\/\/www.vielsalm-tourisme.be\/fr\/wp-content\/uploads\/2025\/10\/9331527034-Grand_Bois.jpeg\"><span style=\"text-decoration: underline;\"><strong>Promenade n\u00b05<\/strong><\/span><\/a><\/p><p><a href=\"https:\/\/www.vielsalm-tourisme.be\/fr\/wp-content\/uploads\/2025\/10\/9331527034-Grand_Bois.jpeg\"><span style=\"text-decoration: underline;\"><strong>VTT n\u00b03<\/strong><\/span><\/a><\/p><p><strong>Jevign\u00e9-Baneux :\u00a0<\/strong><\/p><p><a href=\"https:\/\/www.vielsalm-tourisme.be\/fr\/wp-content\/uploads\/2025\/11\/9322326008-Jevigne-Banneux.jpeg\"><span style=\"text-decoration: underline;\"><strong>Promenade n\u00b011<\/strong><\/span><\/a><\/p><p><a href=\"https:\/\/www.vielsalm-tourisme.be\/fr\/wp-content\/uploads\/2025\/11\/9322326008-Jevigne-Banneux.jpeg\"><span style=\"text-decoration: underline;\"><strong>VTT n\u00b04<\/strong><\/span><\/a><\/p>\t\t\t\t\t\t<\/div>\n\t\t\t\t<\/div>\n\t\t\t\t\t<\/div>\n\t\t<\/div>\n\t\t\t\t\t<\/div>\n\t\t<\/section>\n\t\t\t\t<section class=\"elementor-section elementor-top-section elementor-element elementor-element-5909385 elementor-section-boxed elementor-section-height-default elementor-section-height-default\" data-id=\"5909385\" data-element_type=\"section\">\n\t\t\t\t\t\t<div class=\"elementor-container elementor-column-gap-default\">\n\t\t\t\t\t<div class=\"elementor-column elementor-col-50 elementor-top-column elementor-element elementor-element-e6346a9\" data-id=\"e6346a9\" data-element_type=\"column\">\n\t\t\t<div class=\"elementor-widget-wrap elementor-element-populated\">\n\t\t\t\t\t\t<div class=\"elementor-element elementor-element-78336f9 elementor-widget elementor-widget-text-editor\" data-id=\"78336f9\" data-element_type=\"widget\" data-widget_type=\"text-editor.default\">\n\t\t\t\t<div class=\"elementor-widget-container\">\n\t\t\t\t\t\t\t<p style=\"text-align: right;\"><strong>Dimanche 7\/12<\/strong><\/p>\t\t\t\t\t\t<\/div>\n\t\t\t\t<\/div>\n\t\t\t\t\t<\/div>\n\t\t<\/div>\n\t\t\t\t<div class=\"elementor-column elementor-col-50 elementor-top-column elementor-element elementor-element-39c26f7\" data-id=\"39c26f7\" data-element_type=\"column\">\n\t\t\t<div class=\"elementor-widget-wrap elementor-element-populated\">\n\t\t\t\t\t\t<div class=\"elementor-element elementor-element-6c5644e elementor-widget elementor-widget-text-editor\" data-id=\"6c5644e\" data-element_type=\"widget\" data-widget_type=\"text-editor.default\">\n\t\t\t\t<div class=\"elementor-widget-container\">\n\t\t\t\t\t\t\t<p><strong>Halthier :<\/strong><\/p><p><span style=\"text-decoration: underline;\"><strong><a href=\"https:\/\/www.vielsalm-tourisme.be\/fr\/wp-content\/uploads\/2025\/10\/halthier_9333527001.png\">Promenades n\u00b01, 6<\/a><\/strong><\/span><\/p><p><strong><a href=\"https:\/\/www.vielsalm-tourisme.be\/fr\/wp-content\/uploads\/2025\/10\/halthier_9333527001.png\"><span><span style=\"text-decoration: underline;\">VTT n\u00b03<\/span><\/span><\/a><\/strong><\/p><p><strong>Goronne :\u00a0<\/strong><\/p><p><a href=\"https:\/\/www.vielsalm-tourisme.be\/fr\/wp-content\/uploads\/2025\/10\/9332527001-Goronne-Societe_de_Chasse.jpeg\"><span style=\"text-decoration: underline;\"><strong>Promenades n\u00b04, 8<\/strong><\/span><\/a><\/p><p><a href=\"https:\/\/www.vielsalm-tourisme.be\/fr\/wp-content\/uploads\/2025\/10\/9332527001-Goronne-Societe_de_Chasse.jpeg\"><span style=\"text-decoration: underline;\"><strong>VTT n\u00b01<\/strong><\/span><\/a><\/p><p><strong>Grand-Halleux :\u00a0<\/strong><\/p><p><strong><a href=\"https:\/\/www.vielsalm-tourisme.be\/fr\/wp-content\/uploads\/2025\/10\/grandhalleux_9333527003.png\"><span style=\"text-decoration: underline;\">Promenade n\u00b01, 6<\/span><\/a><\/strong><\/p><p><a href=\"https:\/\/www.vielsalm-tourisme.be\/fr\/wp-content\/uploads\/2025\/10\/grandhalleux_9333527003.png\"><strong><span style=\"text-decoration: underline;\">VTT n\u00b02, 3<\/span><\/strong><\/a><\/p>\t\t\t\t\t\t<\/div>\n\t\t\t\t<\/div>\n\t\t\t\t\t<\/div>\n\t\t<\/div>\n\t\t\t\t\t<\/div>\n\t\t<\/section>\n\t\t\t\t<section class=\"elementor-section elementor-top-section elementor-element elementor-element-f32a3e2 elementor-section-boxed elementor-section-height-default elementor-section-height-default\" data-id=\"f32a3e2\" data-element_type=\"section\">\n\t\t\t\t\t\t<div class=\"elementor-container elementor-column-gap-default\">\n\t\t\t\t\t<div class=\"elementor-column elementor-col-50 elementor-top-column elementor-element elementor-element-69d377c\" data-id=\"69d377c\" data-element_type=\"column\">\n\t\t\t<div class=\"elementor-widget-wrap elementor-element-populated\">\n\t\t\t\t\t\t<div class=\"elementor-element elementor-element-7ee9d95 elementor-widget elementor-widget-text-editor\" data-id=\"7ee9d95\" data-element_type=\"widget\" data-widget_type=\"text-editor.default\">\n\t\t\t\t<div class=\"elementor-widget-container\">\n\t\t\t\t\t\t\t<p style=\"text-align: right;\"><strong>Mercredi 10\/12<\/strong><\/p>\t\t\t\t\t\t<\/div>\n\t\t\t\t<\/div>\n\t\t\t\t\t<\/div>\n\t\t<\/div>\n\t\t\t\t<div class=\"elementor-column elementor-col-50 elementor-top-column elementor-element elementor-element-29bf475\" data-id=\"29bf475\" data-element_type=\"column\">\n\t\t\t<div class=\"elementor-widget-wrap elementor-element-populated\">\n\t\t\t\t\t\t<div class=\"elementor-element elementor-element-d872be0 elementor-widget elementor-widget-text-editor\" data-id=\"d872be0\" data-element_type=\"widget\" data-widget_type=\"text-editor.default\">\n\t\t\t\t<div class=\"elementor-widget-container\">\n\t\t\t\t\t\t\t<p><strong>La Haye :<\/strong><\/p><p><a href=\"https:\/\/www.vielsalm-tourisme.be\/fr\/wp-content\/uploads\/2025\/11\/9331199009-La_Haye-Rovreux.jpeg\"><span style=\"text-decoration: underline;\"><strong>VTT n\u00b03<\/strong><\/span><\/a><\/p>\t\t\t\t\t\t<\/div>\n\t\t\t\t<\/div>\n\t\t\t\t\t<\/div>\n\t\t<\/div>\n\t\t\t\t\t<\/div>\n\t\t<\/section>\n\t\t\t\t<section class=\"elementor-section elementor-top-section elementor-element elementor-element-adcd444 elementor-section-boxed elementor-section-height-default elementor-section-height-default\" data-id=\"adcd444\" data-element_type=\"section\">\n\t\t\t\t\t\t<div class=\"elementor-container elementor-column-gap-default\">\n\t\t\t\t\t<div class=\"elementor-column elementor-col-50 elementor-top-column elementor-element elementor-element-0a4b718\" data-id=\"0a4b718\" data-element_type=\"column\">\n\t\t\t<div class=\"elementor-widget-wrap elementor-element-populated\">\n\t\t\t\t\t\t<div class=\"elementor-element elementor-element-5311438 elementor-widget elementor-widget-text-editor\" data-id=\"5311438\" data-element_type=\"widget\" data-widget_type=\"text-editor.default\">\n\t\t\t\t<div class=\"elementor-widget-container\">\n\t\t\t\t\t\t\t<p style=\"text-align: right;\"><strong>Vendredi 12\/12<\/strong><\/p>\t\t\t\t\t\t<\/div>\n\t\t\t\t<\/div>\n\t\t\t\t\t<\/div>\n\t\t<\/div>\n\t\t\t\t<div class=\"elementor-column elementor-col-50 elementor-top-column elementor-element elementor-element-0d1ddc6\" data-id=\"0d1ddc6\" data-element_type=\"column\">\n\t\t\t<div class=\"elementor-widget-wrap elementor-element-populated\">\n\t\t\t\t\t\t<div class=\"elementor-element elementor-element-0cb14ac elementor-widget elementor-widget-text-editor\" data-id=\"0cb14ac\" data-element_type=\"widget\" data-widget_type=\"text-editor.default\">\n\t\t\t\t<div class=\"elementor-widget-container\">\n\t\t\t\t\t\t\t<p><strong>So B\u00eachefa &#8211; Grand Bois :\u00a0<\/strong><\/p><p><a href=\"https:\/\/www.vielsalm-tourisme.be\/fr\/wp-content\/uploads\/2025\/10\/sobechefa_grandbois_9331527036.png\"><span style=\"text-decoration: underline;\"><strong>Promenade n\u00b02<\/strong><\/span><\/a><\/p><p><a href=\"https:\/\/www.vielsalm-tourisme.be\/fr\/wp-content\/uploads\/2025\/10\/sobechefa_grandbois_9331527036.png\"><span style=\"text-decoration: underline;\"><strong>VTT n\u00b03<\/strong><\/span><\/a><\/p><p><strong>Provedroux :\u00a0<\/strong><\/p><p><a href=\"https:\/\/www.vielsalm-tourisme.be\/fr\/wp-content\/uploads\/2025\/10\/9331527001-Provedroux.jpeg\"><span style=\"text-decoration: underline;\"><strong>Promenade n\u00b03<\/strong><\/span><\/a><\/p><p><a href=\"https:\/\/www.vielsalm-tourisme.be\/fr\/wp-content\/uploads\/2025\/10\/9331527001-Provedroux.jpeg\"><span style=\"text-decoration: underline;\"><strong>VTT n\u00b04<\/strong><\/span><\/a><\/p><p><strong>Farni\u00e8res :\u00a0<\/strong><\/p><p><span style=\"text-decoration: underline;\"><a href=\"https:\/\/www.vielsalm-tourisme.be\/fr\/wp-content\/uploads\/2025\/10\/farnieres_9332527003.png\"><strong>Promenade n\u00b07<\/strong><\/a><\/span><\/p><p><a href=\"https:\/\/www.vielsalm-tourisme.be\/fr\/wp-content\/uploads\/2025\/10\/farnieres_9332527003.png\"><strong><span style=\"text-decoration: underline;\">VTT n\u00b02<\/span><\/strong><\/a><\/p>\t\t\t\t\t\t<\/div>\n\t\t\t\t<\/div>\n\t\t\t\t\t<\/div>\n\t\t<\/div>\n\t\t\t\t\t<\/div>\n\t\t<\/section>\n\t\t\t\t<section class=\"elementor-section elementor-top-section elementor-element elementor-element-de1efa9 elementor-section-boxed elementor-section-height-default elementor-section-height-default\" data-id=\"de1efa9\" data-element_type=\"section\">\n\t\t\t\t\t\t<div class=\"elementor-container elementor-column-gap-default\">\n\t\t\t\t\t<div class=\"elementor-column elementor-col-50 elementor-top-column elementor-element elementor-element-6c0adfe\" data-id=\"6c0adfe\" data-element_type=\"column\">\n\t\t\t<div class=\"elementor-widget-wrap elementor-element-populated\">\n\t\t\t\t\t\t<div class=\"elementor-element elementor-element-400c4c1 elementor-widget elementor-widget-text-editor\" data-id=\"400c4c1\" data-element_type=\"widget\" data-widget_type=\"text-editor.default\">\n\t\t\t\t<div class=\"elementor-widget-container\">\n\t\t\t\t\t\t\t<p style=\"text-align: right;\"><strong>Samedi 13\/12<\/strong><\/p>\t\t\t\t\t\t<\/div>\n\t\t\t\t<\/div>\n\t\t\t\t\t<\/div>\n\t\t<\/div>\n\t\t\t\t<div class=\"elementor-column elementor-col-50 elementor-top-column elementor-element elementor-element-dff97dc\" data-id=\"dff97dc\" data-element_type=\"column\">\n\t\t\t<div class=\"elementor-widget-wrap elementor-element-populated\">\n\t\t\t\t\t\t<div class=\"elementor-element elementor-element-d40e9be elementor-widget elementor-widget-text-editor\" data-id=\"d40e9be\" data-element_type=\"widget\" data-widget_type=\"text-editor.default\">\n\t\t\t\t<div class=\"elementor-widget-container\">\n\t\t\t\t\t\t\t<p><strong>Halthier :<\/strong><\/p><p><span style=\"text-decoration: underline;\"><strong><a href=\"https:\/\/www.vielsalm-tourisme.be\/fr\/wp-content\/uploads\/2025\/10\/halthier_9333527001.png\">Promenades n\u00b01, 6<\/a><\/strong><\/span><\/p><p><strong><a href=\"https:\/\/www.vielsalm-tourisme.be\/fr\/wp-content\/uploads\/2025\/10\/halthier_9333527001.png\"><span><span style=\"text-decoration: underline;\">VTT n\u00b03<\/span><\/span><\/a><\/strong><\/p><p><strong>Grand-Halleux :\u00a0<\/strong><\/p><p><strong><a href=\"https:\/\/www.vielsalm-tourisme.be\/fr\/wp-content\/uploads\/2025\/10\/grandhalleux_9333527003.png\"><span style=\"text-decoration: underline;\">Promenades n\u00b01, 6<\/span><\/a><\/strong><\/p><p><a href=\"https:\/\/www.vielsalm-tourisme.be\/fr\/wp-content\/uploads\/2025\/10\/grandhalleux_9333527003.png\"><strong><span style=\"text-decoration: underline;\">VTT n\u00b02, 3<\/span><\/strong><\/a><\/p><p><strong>Petit-Thier :\u00a0<\/strong><\/p><p><a href=\"https:\/\/www.vielsalm-tourisme.be\/fr\/wp-content\/uploads\/2025\/10\/petitthier_9333527009.png\"><span style=\"text-decoration: underline;\"><strong>Promenades n\u00b01, 6<\/strong><\/span><\/a><\/p><p><a href=\"https:\/\/www.vielsalm-tourisme.be\/fr\/wp-content\/uploads\/2025\/10\/petitthier_9333527009.png\"><span style=\"text-decoration: underline;\"><strong>VTT n\u00b02, 3<\/strong><\/span><\/a><\/p>\t\t\t\t\t\t<\/div>\n\t\t\t\t<\/div>\n\t\t\t\t\t<\/div>\n\t\t<\/div>\n\t\t\t\t\t<\/div>\n\t\t<\/section>\n\t\t\t\t<section class=\"elementor-section elementor-top-section elementor-element elementor-element-354b941 elementor-section-boxed elementor-section-height-default elementor-section-height-default\" data-id=\"354b941\" data-element_type=\"section\">\n\t\t\t\t\t\t<div class=\"elementor-container elementor-column-gap-default\">\n\t\t\t\t\t<div class=\"elementor-column elementor-col-50 elementor-top-column elementor-element elementor-element-f03288e\" data-id=\"f03288e\" data-element_type=\"column\">\n\t\t\t<div class=\"elementor-widget-wrap elementor-element-populated\">\n\t\t\t\t\t\t<div class=\"elementor-element elementor-element-95e4628 elementor-widget elementor-widget-text-editor\" data-id=\"95e4628\" data-element_type=\"widget\" data-widget_type=\"text-editor.default\">\n\t\t\t\t<div class=\"elementor-widget-container\">\n\t\t\t\t\t\t\t<p style=\"text-align: right;\"><strong>Dimanche 14\/12<\/strong><\/p>\t\t\t\t\t\t<\/div>\n\t\t\t\t<\/div>\n\t\t\t\t\t<\/div>\n\t\t<\/div>\n\t\t\t\t<div class=\"elementor-column elementor-col-50 elementor-top-column elementor-element elementor-element-1a49a4e\" data-id=\"1a49a4e\" data-element_type=\"column\">\n\t\t\t<div class=\"elementor-widget-wrap elementor-element-populated\">\n\t\t\t\t\t\t<div class=\"elementor-element elementor-element-ce4f5d4 elementor-widget elementor-widget-text-editor\" data-id=\"ce4f5d4\" data-element_type=\"widget\" data-widget_type=\"text-editor.default\">\n\t\t\t\t<div class=\"elementor-widget-container\">\n\t\t\t\t\t\t\t<p><strong>Mont-le-Soie :\u00a0<\/strong><\/p><p><span style=\"text-decoration: underline;\"><a href=\"https:\/\/www.vielsalm-tourisme.be\/fr\/wp-content\/uploads\/2025\/10\/montlesoie_9333527002.png\"><strong>Promenade n\u00b06<\/strong><\/a><\/span><\/p><p><span style=\"text-decoration: underline;\"><a href=\"https:\/\/www.vielsalm-tourisme.be\/fr\/wp-content\/uploads\/2025\/10\/montlesoie_9333527002.png\"><strong>VTT n\u00b03<\/strong><\/a><\/span><\/p><p><strong>Bihain :\u00a0<a href=\"https:\/\/www.vielsalm-tourisme.be\/fr\/wp-content\/uploads\/2025\/10\/grandhalleux_9333527003.png\"><\/a><\/strong><\/p><p><a href=\"https:\/\/www.vielsalm-tourisme.be\/fr\/wp-content\/uploads\/2025\/10\/bihain_lomre_9331527017.png\"><span style=\"text-decoration: underline;\"><strong>Promenades n\u00b09, 10<\/strong><\/span><\/a><\/p><p><a href=\"https:\/\/www.vielsalm-tourisme.be\/fr\/wp-content\/uploads\/2025\/10\/bihain_lomre_9331527017.png\"><span style=\"text-decoration: underline;\"><strong>VTT n\u00b04<\/strong><\/span><\/a><\/p>\t\t\t\t\t\t<\/div>\n\t\t\t\t<\/div>\n\t\t\t\t\t<\/div>\n\t\t<\/div>\n\t\t\t\t\t<\/div>\n\t\t<\/section>\n\t\t\t\t<section class=\"elementor-section elementor-top-section elementor-element elementor-element-71c2f0d elementor-section-boxed elementor-section-height-default elementor-section-height-default\" data-id=\"71c2f0d\" data-element_type=\"section\">\n\t\t\t\t\t\t<div class=\"elementor-container elementor-column-gap-default\">\n\t\t\t\t\t<div class=\"elementor-column elementor-col-50 elementor-top-column elementor-element elementor-element-f48d932\" data-id=\"f48d932\" data-element_type=\"column\">\n\t\t\t<div class=\"elementor-widget-wrap elementor-element-populated\">\n\t\t\t\t\t\t<div class=\"elementor-element elementor-element-eb5de17 elementor-widget elementor-widget-text-editor\" data-id=\"eb5de17\" data-element_type=\"widget\" data-widget_type=\"text-editor.default\">\n\t\t\t\t<div class=\"elementor-widget-container\">\n\t\t\t\t\t\t\t<p style=\"text-align: right;\"><strong>Mercredi 17\/12<\/strong><\/p>\t\t\t\t\t\t<\/div>\n\t\t\t\t<\/div>\n\t\t\t\t\t<\/div>\n\t\t<\/div>\n\t\t\t\t<div class=\"elementor-column elementor-col-50 elementor-top-column elementor-element elementor-element-5b461bf\" data-id=\"5b461bf\" data-element_type=\"column\">\n\t\t\t<div class=\"elementor-widget-wrap elementor-element-populated\">\n\t\t\t\t\t\t<div class=\"elementor-element elementor-element-b920b36 elementor-widget elementor-widget-text-editor\" data-id=\"b920b36\" data-element_type=\"widget\" data-widget_type=\"text-editor.default\">\n\t\t\t\t<div class=\"elementor-widget-container\">\n\t\t\t\t\t\t\t<p><strong>Joubi\u00e9val :\u00a0<\/strong><\/p><p><a href=\"https:\/\/www.vielsalm-tourisme.be\/fr\/wp-content\/uploads\/2025\/10\/joubieval_9331527030.png\"><span style=\"text-decoration: underline;\"><strong>Promenades n\u00b08, 9<\/strong><\/span><\/a><\/p><p><a href=\"https:\/\/www.vielsalm-tourisme.be\/fr\/wp-content\/uploads\/2025\/10\/joubieval_9331527030.png\"><span style=\"text-decoration: underline;\"><strong>VTT n\u00b04<\/strong><\/span><\/a><\/p>\t\t\t\t\t\t<\/div>\n\t\t\t\t<\/div>\n\t\t\t\t\t<\/div>\n\t\t<\/div>\n\t\t\t\t\t<\/div>\n\t\t<\/section>\n\t\t\t\t<section class=\"elementor-section elementor-top-section elementor-element elementor-element-98c9def elementor-section-boxed elementor-section-height-default elementor-section-height-default\" data-id=\"98c9def\" data-element_type=\"section\">\n\t\t\t\t\t\t<div class=\"elementor-container elementor-column-gap-default\">\n\t\t\t\t\t<div class=\"elementor-column elementor-col-50 elementor-top-column elementor-element elementor-element-b0fe57e\" data-id=\"b0fe57e\" data-element_type=\"column\">\n\t\t\t<div class=\"elementor-widget-wrap elementor-element-populated\">\n\t\t\t\t\t\t<div class=\"elementor-element elementor-element-bcdf7ca elementor-widget elementor-widget-text-editor\" data-id=\"bcdf7ca\" data-element_type=\"widget\" data-widget_type=\"text-editor.default\">\n\t\t\t\t<div class=\"elementor-widget-container\">\n\t\t\t\t\t\t\t<p style=\"text-align: right;\"><strong>Jeudi 18\/12<\/strong><\/p>\t\t\t\t\t\t<\/div>\n\t\t\t\t<\/div>\n\t\t\t\t\t<\/div>\n\t\t<\/div>\n\t\t\t\t<div class=\"elementor-column elementor-col-50 elementor-top-column elementor-element elementor-element-2025df9\" data-id=\"2025df9\" data-element_type=\"column\">\n\t\t\t<div class=\"elementor-widget-wrap elementor-element-populated\">\n\t\t\t\t\t\t<div class=\"elementor-element elementor-element-1351df1 elementor-widget elementor-widget-text-editor\" data-id=\"1351df1\" data-element_type=\"widget\" data-widget_type=\"text-editor.default\">\n\t\t\t\t<div class=\"elementor-widget-container\">\n\t\t\t\t\t\t\t<p><strong>Sainte-Marie Provedroux :\u00a0<\/strong><\/p><p><a href=\"https:\/\/www.vielsalm-tourisme.be\/fr\/wp-content\/uploads\/2025\/10\/9331527042_Ste_Marie_Provedroux.png\"><span style=\"text-decoration: underline;\"><strong>Promenade n\u00b03<\/strong><\/span><\/a><\/p><p><a href=\"https:\/\/www.vielsalm-tourisme.be\/fr\/wp-content\/uploads\/2025\/10\/9331527042_Ste_Marie_Provedroux.png\"><span style=\"text-decoration: underline;\"><strong>VTT n\u00b01, 4<\/strong><\/span><\/a><\/p><p><strong>Commanster :\u00a0<\/strong><\/p><p><strong>GR5<\/strong><\/p>\t\t\t\t\t\t<\/div>\n\t\t\t\t<\/div>\n\t\t\t\t\t<\/div>\n\t\t<\/div>\n\t\t\t\t\t<\/div>\n\t\t<\/section>\n\t\t\t\t<section class=\"elementor-section elementor-top-section elementor-element elementor-element-da7162d elementor-section-boxed elementor-section-height-default elementor-section-height-default\" data-id=\"da7162d\" data-element_type=\"section\">\n\t\t\t\t\t\t<div class=\"elementor-container elementor-column-gap-default\">\n\t\t\t\t\t<div class=\"elementor-column elementor-col-50 elementor-top-column elementor-element elementor-element-e69746e\" data-id=\"e69746e\" data-element_type=\"column\">\n\t\t\t<div class=\"elementor-widget-wrap elementor-element-populated\">\n\t\t\t\t\t\t<div class=\"elementor-element elementor-element-bbbed23 elementor-widget elementor-widget-text-editor\" data-id=\"bbbed23\" data-element_type=\"widget\" data-widget_type=\"text-editor.default\">\n\t\t\t\t<div class=\"elementor-widget-container\">\n\t\t\t\t\t\t\t<p style=\"text-align: right;\"><strong>Vendredi 19\/12<\/strong><\/p>\t\t\t\t\t\t<\/div>\n\t\t\t\t<\/div>\n\t\t\t\t\t<\/div>\n\t\t<\/div>\n\t\t\t\t<div class=\"elementor-column elementor-col-50 elementor-top-column elementor-element elementor-element-48bda06\" data-id=\"48bda06\" data-element_type=\"column\">\n\t\t\t<div class=\"elementor-widget-wrap elementor-element-populated\">\n\t\t\t\t\t\t<div class=\"elementor-element elementor-element-69cf1cd elementor-widget elementor-widget-text-editor\" data-id=\"69cf1cd\" data-element_type=\"widget\" data-widget_type=\"text-editor.default\">\n\t\t\t\t<div class=\"elementor-widget-container\">\n\t\t\t\t\t\t\t<p><strong>Jevign\u00e9-Baneux :\u00a0<\/strong><\/p><p><span style=\"text-decoration: underline;\"><a href=\"https:\/\/www.vielsalm-tourisme.be\/fr\/wp-content\/uploads\/2025\/11\/9322326008-Jevigne-Banneux.jpeg\"><strong>Promenade n\u00b011<\/strong><\/a><\/span><\/p><p><a href=\"https:\/\/www.vielsalm-tourisme.be\/fr\/wp-content\/uploads\/2025\/11\/9322326008-Jevigne-Banneux.jpeg\"><span><strong><span style=\"text-decoration: underline;\">VTT n\u00b04<\/span><\/strong><\/span><\/a><\/p>\t\t\t\t\t\t<\/div>\n\t\t\t\t<\/div>\n\t\t\t\t\t<\/div>\n\t\t<\/div>\n\t\t\t\t\t<\/div>\n\t\t<\/section>\n\t\t\t\t<section class=\"elementor-section elementor-top-section elementor-element elementor-element-02054ee elementor-section-boxed elementor-section-height-default elementor-section-height-default\" data-id=\"02054ee\" data-element_type=\"section\">\n\t\t\t\t\t\t<div class=\"elementor-container elementor-column-gap-default\">\n\t\t\t\t\t<div class=\"elementor-column elementor-col-50 elementor-top-column elementor-element elementor-element-b1f2183\" data-id=\"b1f2183\" data-element_type=\"column\">\n\t\t\t<div class=\"elementor-widget-wrap elementor-element-populated\">\n\t\t\t\t\t\t<div class=\"elementor-element elementor-element-202167e elementor-widget elementor-widget-text-editor\" data-id=\"202167e\" data-element_type=\"widget\" data-widget_type=\"text-editor.default\">\n\t\t\t\t<div class=\"elementor-widget-container\">\n\t\t\t\t\t\t\t<p style=\"text-align: right;\"><strong>Samedi 20\/12<\/strong><\/p>\t\t\t\t\t\t<\/div>\n\t\t\t\t<\/div>\n\t\t\t\t\t<\/div>\n\t\t<\/div>\n\t\t\t\t<div class=\"elementor-column elementor-col-50 elementor-top-column elementor-element elementor-element-93437bf\" data-id=\"93437bf\" data-element_type=\"column\">\n\t\t\t<div class=\"elementor-widget-wrap elementor-element-populated\">\n\t\t\t\t\t\t<div class=\"elementor-element elementor-element-583b3d7 elementor-widget elementor-widget-text-editor\" data-id=\"583b3d7\" data-element_type=\"widget\" data-widget_type=\"text-editor.default\">\n\t\t\t\t<div class=\"elementor-widget-container\">\n\t\t\t\t\t\t\t<p><strong>Grand Bois :<\/strong><\/p><p><span style=\"text-decoration: underline;\"><a href=\"https:\/\/www.vielsalm-tourisme.be\/fr\/wp-content\/uploads\/2025\/10\/9331527034-Grand_Bois.jpeg\"><strong>Promenade n\u00b05<\/strong><\/a><\/span><\/p><p><a href=\"https:\/\/www.vielsalm-tourisme.be\/fr\/wp-content\/uploads\/2025\/10\/9331527034-Grand_Bois.jpeg\"><span><strong><span style=\"text-decoration: underline;\">VTT n\u00b03<\/span><\/strong><\/span><\/a><\/p><p><strong>So B\u00eachefa &#8211; Grand Bois :\u00a0<\/strong><\/p><p><span style=\"text-decoration: underline;\"><a href=\"https:\/\/www.vielsalm-tourisme.be\/fr\/wp-content\/uploads\/2025\/10\/sobechefa_grandbois_9331527036.png\"><strong>Promenade n\u00b02<\/strong><\/a><\/span><\/p><p><a href=\"https:\/\/www.vielsalm-tourisme.be\/fr\/wp-content\/uploads\/2025\/10\/sobechefa_grandbois_9331527036.png\"><span><strong><span style=\"text-decoration: underline;\">VTT n\u00b03<\/span><\/strong><\/span><\/a><\/p><p>+ GR5<\/p><p>+ Les Tr\u00e9sors du Pays de Salm<\/p>\t\t\t\t\t\t<\/div>\n\t\t\t\t<\/div>\n\t\t\t\t\t<\/div>\n\t\t<\/div>\n\t\t\t\t\t<\/div>\n\t\t<\/section>\n\t\t\t\t<section class=\"elementor-section elementor-top-section elementor-element elementor-element-9fa6736 elementor-section-boxed elementor-section-height-default elementor-section-height-default\" data-id=\"9fa6736\" data-element_type=\"section\">\n\t\t\t\t\t\t<div class=\"elementor-container elementor-column-gap-default\">\n\t\t\t\t\t<div class=\"elementor-column elementor-col-50 elementor-top-column elementor-element elementor-element-faabf2b\" data-id=\"faabf2b\" data-element_type=\"column\">\n\t\t\t<div class=\"elementor-widget-wrap elementor-element-populated\">\n\t\t\t\t\t\t<div class=\"elementor-element elementor-element-a171e4c elementor-widget elementor-widget-text-editor\" data-id=\"a171e4c\" data-element_type=\"widget\" data-widget_type=\"text-editor.default\">\n\t\t\t\t<div class=\"elementor-widget-container\">\n\t\t\t\t\t\t\t<p style=\"text-align: right;\"><strong>Dimanche 21\/12<\/strong><\/p>\t\t\t\t\t\t<\/div>\n\t\t\t\t<\/div>\n\t\t\t\t\t<\/div>\n\t\t<\/div>\n\t\t\t\t<div class=\"elementor-column elementor-col-50 elementor-top-column elementor-element elementor-element-04aabde\" data-id=\"04aabde\" data-element_type=\"column\">\n\t\t\t<div class=\"elementor-widget-wrap elementor-element-populated\">\n\t\t\t\t\t\t<div class=\"elementor-element elementor-element-06681ed elementor-widget elementor-widget-text-editor\" data-id=\"06681ed\" data-element_type=\"widget\" data-widget_type=\"text-editor.default\">\n\t\t\t\t<div class=\"elementor-widget-container\">\n\t\t\t\t\t\t\t<p><strong>Provedroux :\u00a0<\/strong><\/p><p><span style=\"text-decoration: underline;\"><a href=\"https:\/\/www.vielsalm-tourisme.be\/fr\/wp-content\/uploads\/2025\/10\/9331527001-Provedroux.jpeg\"><strong>Promenade n\u00b03<\/strong><\/a><\/span><\/p><p><a href=\"https:\/\/www.vielsalm-tourisme.be\/fr\/wp-content\/uploads\/2025\/10\/9331527001-Provedroux.jpeg\"><span><strong><span style=\"text-decoration: underline;\">VTT n\u00b04<\/span><\/strong><\/span><\/a><\/p><p><a href=\"https:\/\/www.vielsalm-tourisme.be\/fr\/wp-content\/uploads\/2025\/10\/9331527034-Grand_Bois.jpeg\"><span><strong><span style=\"text-decoration: underline;\"><\/span><\/strong><\/span><\/a><\/p><p><a href=\"https:\/\/www.vielsalm-tourisme.be\/fr\/wp-content\/uploads\/2025\/11\/9322326008-Jevigne-Banneux.jpeg\"><span><strong><span style=\"text-decoration: underline;\"><\/span><\/strong><\/span><\/a><\/p>\t\t\t\t\t\t<\/div>\n\t\t\t\t<\/div>\n\t\t\t\t\t<\/div>\n\t\t<\/div>\n\t\t\t\t\t<\/div>\n\t\t<\/section>\n\t\t\t\t<section class=\"elementor-section elementor-top-section elementor-element elementor-element-4c00809 elementor-section-boxed elementor-section-height-default elementor-section-height-default\" data-id=\"4c00809\" data-element_type=\"section\">\n\t\t\t\t\t\t<div class=\"elementor-container elementor-column-gap-default\">\n\t\t\t\t\t<div class=\"elementor-column elementor-col-50 elementor-top-column elementor-element elementor-element-b10ba58\" data-id=\"b10ba58\" data-element_type=\"column\">\n\t\t\t<div class=\"elementor-widget-wrap elementor-element-populated\">\n\t\t\t\t\t\t<div class=\"elementor-element elementor-element-b6dc599 elementor-widget elementor-widget-text-editor\" data-id=\"b6dc599\" data-element_type=\"widget\" data-widget_type=\"text-editor.default\">\n\t\t\t\t<div class=\"elementor-widget-container\">\n\t\t\t\t\t\t\t<p style=\"text-align: right;\"><strong>Mercredi 24\/12<\/strong><\/p>\t\t\t\t\t\t<\/div>\n\t\t\t\t<\/div>\n\t\t\t\t\t<\/div>\n\t\t<\/div>\n\t\t\t\t<div class=\"elementor-column elementor-col-50 elementor-top-column elementor-element elementor-element-c691a91\" data-id=\"c691a91\" data-element_type=\"column\">\n\t\t\t<div class=\"elementor-widget-wrap elementor-element-populated\">\n\t\t\t\t\t\t<div class=\"elementor-element elementor-element-d7064b0 elementor-widget elementor-widget-text-editor\" data-id=\"d7064b0\" data-element_type=\"widget\" data-widget_type=\"text-editor.default\">\n\t\t\t\t<div class=\"elementor-widget-container\">\n\t\t\t\t\t\t\t<p><strong>Goronne :\u00a0<\/strong><\/p><p><span style=\"text-decoration: underline;\"><a href=\"https:\/\/www.vielsalm-tourisme.be\/fr\/wp-content\/uploads\/2025\/10\/9332527001-Goronne-Societe_de_Chasse.jpeg\"><strong>Promenades n\u00b04, 8<\/strong><\/a><\/span><\/p><p><span style=\"text-decoration: underline;\"><a href=\"https:\/\/www.vielsalm-tourisme.be\/fr\/wp-content\/uploads\/2025\/10\/9332527001-Goronne-Societe_de_Chasse.jpeg\"><strong>VTT n\u00b01<\/strong><\/a><\/span><\/p><p><a href=\"https:\/\/www.vielsalm-tourisme.be\/fr\/wp-content\/uploads\/2025\/10\/9331527001-Provedroux.jpeg\"><span><strong><span style=\"text-decoration: underline;\"><\/span><\/strong><\/span><\/a><\/p><p><a href=\"https:\/\/www.vielsalm-tourisme.be\/fr\/wp-content\/uploads\/2025\/10\/9331527034-Grand_Bois.jpeg\"><span><strong><span style=\"text-decoration: underline;\"><\/span><\/strong><\/span><\/a><\/p><p><a href=\"https:\/\/www.vielsalm-tourisme.be\/fr\/wp-content\/uploads\/2025\/11\/9322326008-Jevigne-Banneux.jpeg\"><span><strong><span style=\"text-decoration: underline;\"><\/span><\/strong><\/span><\/a><\/p>\t\t\t\t\t\t<\/div>\n\t\t\t\t<\/div>\n\t\t\t\t\t<\/div>\n\t\t<\/div>\n\t\t\t\t\t<\/div>\n\t\t<\/section>\n\t\t\t\t<section class=\"elementor-section elementor-top-section elementor-element elementor-element-5cd4172 elementor-section-boxed elementor-section-height-default elementor-section-height-default\" data-id=\"5cd4172\" data-element_type=\"section\">\n\t\t\t\t\t\t<div class=\"elementor-container elementor-column-gap-default\">\n\t\t\t\t\t<div class=\"elementor-column elementor-col-50 elementor-top-column elementor-element elementor-element-2a452ed\" data-id=\"2a452ed\" data-element_type=\"column\">\n\t\t\t<div class=\"elementor-widget-wrap elementor-element-populated\">\n\t\t\t\t\t\t<div class=\"elementor-element elementor-element-440ae00 elementor-widget elementor-widget-text-editor\" data-id=\"440ae00\" data-element_type=\"widget\" data-widget_type=\"text-editor.default\">\n\t\t\t\t<div class=\"elementor-widget-container\">\n\t\t\t\t\t\t\t<p style=\"text-align: right;\"><strong>Vendredi 26\/12<\/strong><\/p>\t\t\t\t\t\t<\/div>\n\t\t\t\t<\/div>\n\t\t\t\t\t<\/div>\n\t\t<\/div>\n\t\t\t\t<div class=\"elementor-column elementor-col-50 elementor-top-column elementor-element elementor-element-a86068a\" data-id=\"a86068a\" data-element_type=\"column\">\n\t\t\t<div class=\"elementor-widget-wrap elementor-element-populated\">\n\t\t\t\t\t\t<div class=\"elementor-element elementor-element-6c2f6ce elementor-widget elementor-widget-text-editor\" data-id=\"6c2f6ce\" data-element_type=\"widget\" data-widget_type=\"text-editor.default\">\n\t\t\t\t<div class=\"elementor-widget-container\">\n\t\t\t\t\t\t\t<p><strong>Rencheux &#8211; La Comt\u00e9 :\u00a0<\/strong><\/p><p><span style=\"text-decoration: underline;\"><a href=\"https:\/\/www.vielsalm-tourisme.be\/fr\/wp-content\/uploads\/2025\/10\/rencheux_lacomte_9332527008.png\"><strong>Promenade n\u00b03<\/strong><\/a><a href=\"https:\/\/www.vielsalm-tourisme.be\/fr\/wp-content\/uploads\/2025\/10\/jevigne_baneux_9332326008.png\"><strong><\/strong><\/a><\/span><\/p><p><a href=\"https:\/\/www.vielsalm-tourisme.be\/fr\/wp-content\/uploads\/2025\/10\/rencheux_lacomte_9332527008.png\"><strong><span><span style=\"text-decoration: underline;\">VTT n\u00b01, 4<\/span><\/span><\/strong><\/a><\/p><p><a href=\"https:\/\/www.vielsalm-tourisme.be\/fr\/index.php\/activites\/a-pied\/promenades-a-theme\/la-nature-en-questions\/\">+ La nature en question<\/a><\/p><p>+ GR571<\/p><p><span style=\"text-decoration: underline;\"><a href=\"https:\/\/www.vielsalm-tourisme.be\/fr\/wp-content\/uploads\/2025\/10\/9332527001-Goronne-Societe_de_Chasse.jpeg\"><strong><\/strong><\/a><\/span><\/p><p><a href=\"https:\/\/www.vielsalm-tourisme.be\/fr\/wp-content\/uploads\/2025\/10\/9331527001-Provedroux.jpeg\"><span><strong><span style=\"text-decoration: underline;\"><\/span><\/strong><\/span><\/a><\/p><p><a href=\"https:\/\/www.vielsalm-tourisme.be\/fr\/wp-content\/uploads\/2025\/10\/9331527034-Grand_Bois.jpeg\"><span><strong><span style=\"text-decoration: underline;\"><\/span><\/strong><\/span><\/a><\/p><p><a href=\"https:\/\/www.vielsalm-tourisme.be\/fr\/wp-content\/uploads\/2025\/11\/9322326008-Jevigne-Banneux.jpeg\"><span><strong><span style=\"text-decoration: underline;\"><\/span><\/strong><\/span><\/a><\/p>\t\t\t\t\t\t<\/div>\n\t\t\t\t<\/div>\n\t\t\t\t\t<\/div>\n\t\t<\/div>\n\t\t\t\t\t<\/div>\n\t\t<\/section>\n\t\t\t\t<section class=\"elementor-section elementor-top-section elementor-element elementor-element-5bbdf58 elementor-section-boxed elementor-section-height-default elementor-section-height-default\" data-id=\"5bbdf58\" data-element_type=\"section\">\n\t\t\t\t\t\t<div class=\"elementor-container elementor-column-gap-default\">\n\t\t\t\t\t<div class=\"elementor-column elementor-col-50 elementor-top-column elementor-element elementor-element-7cf1548\" data-id=\"7cf1548\" data-element_type=\"column\">\n\t\t\t<div class=\"elementor-widget-wrap elementor-element-populated\">\n\t\t\t\t\t\t<div class=\"elementor-element elementor-element-65835a5 elementor-widget elementor-widget-text-editor\" data-id=\"65835a5\" data-element_type=\"widget\" data-widget_type=\"text-editor.default\">\n\t\t\t\t<div class=\"elementor-widget-container\">\n\t\t\t\t\t\t\t<p style=\"text-align: right;\"><strong>Mardi 30\/12<\/strong><\/p>\t\t\t\t\t\t<\/div>\n\t\t\t\t<\/div>\n\t\t\t\t\t<\/div>\n\t\t<\/div>\n\t\t\t\t<div class=\"elementor-column elementor-col-50 elementor-top-column elementor-element elementor-element-20b98c1\" data-id=\"20b98c1\" data-element_type=\"column\">\n\t\t\t<div class=\"elementor-widget-wrap elementor-element-populated\">\n\t\t\t\t\t\t<div class=\"elementor-element elementor-element-cb28545 elementor-widget elementor-widget-text-editor\" data-id=\"cb28545\" data-element_type=\"widget\" data-widget_type=\"text-editor.default\">\n\t\t\t\t<div class=\"elementor-widget-container\">\n\t\t\t\t\t\t\t<p><strong>Regn\u00e9-H\u00e9bronval :\u00a0<\/strong><\/p><p><a href=\"https:\/\/www.vielsalm-tourisme.be\/fr\/wp-content\/uploads\/2025\/10\/9331527004-Thier_de_Regne-Hebronval.jpeg\"><strong><span style=\"text-decoration: underline;\">Promenades n\u00b08, 9, 10<\/span><\/strong><\/a><\/p><p><strong><span style=\"text-decoration: underline;\">VTT n\u00b04<\/span><\/strong><\/p><p><strong>GR571<\/strong><\/p><p><a href=\"https:\/\/www.vielsalm-tourisme.be\/fr\/wp-content\/uploads\/2025\/10\/9331527001-Provedroux.jpeg\"><span><strong><span style=\"text-decoration: underline;\"><\/span><\/strong><\/span><\/a><\/p><p><a href=\"https:\/\/www.vielsalm-tourisme.be\/fr\/wp-content\/uploads\/2025\/10\/9331527034-Grand_Bois.jpeg\"><span><strong><span style=\"text-decoration: underline;\"><\/span><\/strong><\/span><\/a><\/p><p><a href=\"https:\/\/www.vielsalm-tourisme.be\/fr\/wp-content\/uploads\/2025\/11\/9322326008-Jevigne-Banneux.jpeg\"><span><strong><span style=\"text-decoration: underline;\"><\/span><\/strong><\/span><\/a><\/p>\t\t\t\t\t\t<\/div>\n\t\t\t\t<\/div>\n\t\t\t\t\t<\/div>\n\t\t<\/div>\n\t\t\t\t\t<\/div>\n\t\t<\/section>\n\t\t\t\t<section class=\"elementor-section elementor-top-section elementor-element elementor-element-dc6d1de elementor-section-boxed elementor-section-height-default elementor-section-height-default\" data-id=\"dc6d1de\" data-element_type=\"section\">\n\t\t\t\t\t\t<div class=\"elementor-container elementor-column-gap-default\">\n\t\t\t\t\t<div class=\"elementor-column elementor-col-50 elementor-top-column elementor-element elementor-element-678fd3f\" data-id=\"678fd3f\" data-element_type=\"column\">\n\t\t\t<div class=\"elementor-widget-wrap elementor-element-populated\">\n\t\t\t\t\t\t<div class=\"elementor-element elementor-element-91e1f82 elementor-widget elementor-widget-text-editor\" data-id=\"91e1f82\" data-element_type=\"widget\" data-widget_type=\"text-editor.default\">\n\t\t\t\t<div class=\"elementor-widget-container\">\n\t\t\t\t\t\t\t<p style=\"text-align: right;\"><strong>Mercredi 31\/12<\/strong><\/p>\t\t\t\t\t\t<\/div>\n\t\t\t\t<\/div>\n\t\t\t\t\t<\/div>\n\t\t<\/div>\n\t\t\t\t<div class=\"elementor-column elementor-col-50 elementor-top-column elementor-element elementor-element-2f3e9d7\" data-id=\"2f3e9d7\" data-element_type=\"column\">\n\t\t\t<div class=\"elementor-widget-wrap elementor-element-populated\">\n\t\t\t\t\t\t<div class=\"elementor-element elementor-element-6c02292 elementor-widget elementor-widget-text-editor\" data-id=\"6c02292\" data-element_type=\"widget\" data-widget_type=\"text-editor.default\">\n\t\t\t\t<div class=\"elementor-widget-container\">\n\t\t\t\t\t\t\t<p><strong>Goronne :\u00a0<\/strong><\/p><p><span style=\"text-decoration: underline;\"><a href=\"https:\/\/www.vielsalm-tourisme.be\/fr\/wp-content\/uploads\/2025\/10\/9332527001-Goronne-Societe_de_Chasse.jpeg\"><strong>Promenades n\u00b04, 8<\/strong><\/a><\/span><\/p><p><span style=\"text-decoration: underline;\"><a href=\"https:\/\/www.vielsalm-tourisme.be\/fr\/wp-content\/uploads\/2025\/10\/9332527001-Goronne-Societe_de_Chasse.jpeg\"><strong>VTT n\u00b01<\/strong><\/a><\/span><\/p><p><a href=\"https:\/\/www.vielsalm-tourisme.be\/fr\/wp-content\/uploads\/2025\/10\/9331527001-Provedroux.jpeg\"><span><strong><span style=\"text-decoration: underline;\"><\/span><\/strong><\/span><\/a><\/p><p><a href=\"https:\/\/www.vielsalm-tourisme.be\/fr\/wp-content\/uploads\/2025\/10\/9331527034-Grand_Bois.jpeg\"><span><strong><span style=\"text-decoration: underline;\"><\/span><\/strong><\/span><\/a><\/p><p><a href=\"https:\/\/www.vielsalm-tourisme.be\/fr\/wp-content\/uploads\/2025\/11\/9322326008-Jevigne-Banneux.jpeg\"><span><strong><span style=\"text-decoration: underline;\"><\/span><\/strong><\/span><\/a><\/p>\t\t\t\t\t\t<\/div>\n\t\t\t\t<\/div>\n\t\t\t\t\t<\/div>\n\t\t<\/div>\n\t\t\t\t\t<\/div>\n\t\t<\/section>\n\t\t\t\t<section class=\"elementor-section elementor-top-section elementor-element elementor-element-16f67218 elementor-section-stretched elementor-section-boxed elementor-section-height-default elementor-section-height-default\" data-id=\"16f67218\" data-element_type=\"section\" data-settings=\"{&quot;stretch_section&quot;:&quot;section-stretched&quot;,&quot;shape_divider_top&quot;:&quot;book&quot;}\">\n\t\t\t\t\t<div class=\"elementor-shape elementor-shape-top\" data-negative=\"false\">\n\t\t\t<svg xmlns=\"http:\/\/www.w3.org\/2000\/svg\" viewBox=\"0 0 1000 100\" preserveAspectRatio=\"none\">\n\t<path class=\"elementor-shape-fill\" d=\"M194,99c186.7,0.7,305-78.3,306-97.2c1,18.9,119.3,97.9,306,97.2c114.3-0.3,194,0.3,194,0.3s0-91.7,0-100c0,0,0,0,0-0 L0,0v99.3C0,99.3,79.7,98.7,194,99z\"\/>\n<\/svg>\t\t<\/div>\n\t\t\t\t\t<div class=\"elementor-container elementor-column-gap-default\">\n\t\t\t\t\t<div class=\"elementor-column elementor-col-100 elementor-top-column elementor-element elementor-element-7bcaf773\" data-id=\"7bcaf773\" data-element_type=\"column\">\n\t\t\t<div class=\"elementor-widget-wrap\">\n\t\t\t\t\t\t\t<\/div>\n\t\t<\/div>\n\t\t\t\t\t<\/div>\n\t\t<\/section>\n\t\t\t\t<section class=\"elementor-section elementor-top-section elementor-element elementor-element-11496033 elementor-section-boxed elementor-section-height-default elementor-section-height-default\" data-id=\"11496033\" data-element_type=\"section\">\n\t\t\t\t\t\t<div class=\"elementor-container elementor-column-gap-default\">\n\t\t\t\t\t<div class=\"elementor-column elementor-col-100 elementor-top-column elementor-element elementor-element-6b1f9442\" data-id=\"6b1f9442\" data-element_type=\"column\">\n\t\t\t<div class=\"elementor-widget-wrap elementor-element-populated\">\n\t\t\t\t\t\t<div class=\"elementor-element elementor-element-70433cf4 elementor-widget elementor-widget-spacer\" data-id=\"70433cf4\" data-element_type=\"widget\" data-widget_type=\"spacer.default\">\n\t\t\t\t<div class=\"elementor-widget-container\">\n\t\t\t\t\t<div class=\"elementor-spacer\">\n\t\t\t<div class=\"elementor-spacer-inner\"><\/div>\n\t\t<\/div>\n\t\t\t\t<\/div>\n\t\t\t\t<\/div>\n\t\t\t\t\t<\/div>\n\t\t<\/div>\n\t\t\t\t\t<\/div>\n\t\t<\/section>\n\t\t\t\t<section class=\"elementor-section elementor-top-section elementor-element elementor-element-6b8a0481 elementor-section-stretched elementor-section-boxed elementor-section-height-default elementor-section-height-default\" data-id=\"6b8a0481\" data-element_type=\"section\" data-settings=\"{&quot;stretch_section&quot;:&quot;section-stretched&quot;}\">\n\t\t\t\t\t\t<div class=\"elementor-container elementor-column-gap-default\">\n\t\t\t\t\t<div class=\"elementor-column elementor-col-25 elementor-top-column elementor-element elementor-element-2b27efe6\" data-id=\"2b27efe6\" data-element_type=\"column\">\n\t\t\t<div class=\"elementor-widget-wrap elementor-element-populated\">\n\t\t\t\t\t\t<div class=\"elementor-element elementor-element-17fc9043 elementor-widget elementor-widget-heading\" data-id=\"17fc9043\" data-element_type=\"widget\" data-widget_type=\"heading.default\">\n\t\t\t\t<div class=\"elementor-widget-container\">\n\t\t\t<h6 class=\"elementor-heading-title elementor-size-default\"><a href=\"https:\/\/www.vielsalm-tourisme.be\/fr\/index.php\/nos-brochures\/\">Commandez nos brochures<\/a><\/h6>\t\t<\/div>\n\t\t\t\t<\/div>\n\t\t\t\t<div class=\"elementor-element elementor-element-e632e01 elementor-widget elementor-widget-image\" data-id=\"e632e01\" data-element_type=\"widget\" data-widget_type=\"image.default\">\n\t\t\t\t<div class=\"elementor-widget-container\">\n\t\t\t\t\t\t\t\t\t\t\t\t\t\t<a href=\"http:\/\/www.vielsalm-tourisme.be\/fr\/index.php\/nos-brochures\/\">\n\t\t\t\t\t\t\t<img decoding=\"async\" width=\"360\" height=\"240\" src=\"https:\/\/www.vielsalm-tourisme.be\/fr\/wp-content\/uploads\/2019\/02\/brochures-360x240.jpg\" class=\"attachment-hestia-blog size-hestia-blog wp-image-350\" alt=\"\" \/>\t\t\t\t\t\t\t\t<\/a>\n\t\t\t\t\t\t\t\t\t\t\t\t\t<\/div>\n\t\t\t\t<\/div>\n\t\t\t\t\t<\/div>\n\t\t<\/div>\n\t\t\t\t<div class=\"elementor-column elementor-col-25 elementor-top-column elementor-element elementor-element-4bb248df\" data-id=\"4bb248df\" data-element_type=\"column\">\n\t\t\t<div class=\"elementor-widget-wrap elementor-element-populated\">\n\t\t\t\t\t\t<div class=\"elementor-element elementor-element-1b020a71 elementor-widget elementor-widget-heading\" data-id=\"1b020a71\" data-element_type=\"widget\" data-widget_type=\"heading.default\">\n\t\t\t\t<div class=\"elementor-widget-container\">\n\t\t\t<h6 class=\"elementor-heading-title elementor-size-default\"><a href=\"https:\/\/www.vielsalm-tourisme.be\/fr\/index.php\/blog\/\" target=\"_blank\">Visitez notre blog<\/a><\/h6>\t\t<\/div>\n\t\t\t\t<\/div>\n\t\t\t\t<div class=\"elementor-element elementor-element-56f818cc elementor-widget elementor-widget-image\" data-id=\"56f818cc\" data-element_type=\"widget\" data-widget_type=\"image.default\">\n\t\t\t\t<div class=\"elementor-widget-container\">\n\t\t\t\t\t\t\t\t\t\t\t\t\t\t<a href=\"https:\/\/www.vielsalm-tourisme.be\/fr\/index.php\/blog\/\" target=\"_blank\">\n\t\t\t\t\t\t\t<img decoding=\"async\" width=\"360\" height=\"240\" src=\"https:\/\/www.vielsalm-tourisme.be\/fr\/wp-content\/uploads\/2019\/02\/blog-360x240.jpg\" class=\"attachment-hestia-blog size-hestia-blog wp-image-343\" alt=\"\" srcset=\"https:\/\/www.vielsalm-tourisme.be\/fr\/wp-content\/uploads\/2019\/02\/blog-360x240.jpg 360w, https:\/\/www.vielsalm-tourisme.be\/fr\/wp-content\/uploads\/2019\/02\/blog-300x199.jpg 300w, https:\/\/www.vielsalm-tourisme.be\/fr\/wp-content\/uploads\/2019\/02\/blog.jpg 668w\" sizes=\"(max-width: 360px) 100vw, 360px\" \/>\t\t\t\t\t\t\t\t<\/a>\n\t\t\t\t\t\t\t\t\t\t\t\t\t<\/div>\n\t\t\t\t<\/div>\n\t\t\t\t\t<\/div>\n\t\t<\/div>\n\t\t\t\t<div class=\"elementor-column elementor-col-25 elementor-top-column elementor-element elementor-element-c3f158f\" data-id=\"c3f158f\" data-element_type=\"column\">\n\t\t\t<div class=\"elementor-widget-wrap elementor-element-populated\">\n\t\t\t\t\t\t<div class=\"elementor-element elementor-element-5bb635d3 elementor-widget elementor-widget-heading\" data-id=\"5bb635d3\" data-element_type=\"widget\" data-widget_type=\"heading.default\">\n\t\t\t\t<div class=\"elementor-widget-container\">\n\t\t\t<h6 class=\"elementor-heading-title elementor-size-default\"><a href=\"https:\/\/youtu.be\/Y1LQPcY3SI8\" target=\"_blank\">D\u00e9couvrez Vielsalm<\/a><\/h6>\t\t<\/div>\n\t\t\t\t<\/div>\n\t\t\t\t<div class=\"elementor-element elementor-element-74ead35e elementor-widget elementor-widget-image\" data-id=\"74ead35e\" data-element_type=\"widget\" data-widget_type=\"image.default\">\n\t\t\t\t<div class=\"elementor-widget-container\">\n\t\t\t\t\t\t\t\t\t\t\t\t\t\t<a href=\"https:\/\/youtu.be\/Y1LQPcY3SI8\" target=\"_blank\">\n\t\t\t\t\t\t\t<img loading=\"lazy\" decoding=\"async\" width=\"360\" height=\"240\" src=\"https:\/\/www.vielsalm-tourisme.be\/fr\/wp-content\/uploads\/2021\/01\/miniature_youtube_decouvrir_vielsalm-360x240.jpg\" class=\"attachment-hestia-blog size-hestia-blog wp-image-7611\" alt=\"\" \/>\t\t\t\t\t\t\t\t<\/a>\n\t\t\t\t\t\t\t\t\t\t\t\t\t<\/div>\n\t\t\t\t<\/div>\n\t\t\t\t\t<\/div>\n\t\t<\/div>\n\t\t\t\t<div class=\"elementor-column elementor-col-25 elementor-top-column elementor-element elementor-element-11ee432a\" data-id=\"11ee432a\" data-element_type=\"column\">\n\t\t\t<div class=\"elementor-widget-wrap elementor-element-populated\">\n\t\t\t\t\t\t<div class=\"elementor-element elementor-element-18366de5 elementor-widget elementor-widget-heading\" data-id=\"18366de5\" data-element_type=\"widget\" data-widget_type=\"heading.default\">\n\t\t\t\t<div class=\"elementor-widget-container\">\n\t\t\t<h6 class=\"elementor-heading-title elementor-size-default\"><a href=\"https:\/\/www.haute-ardenne.be\/fr\" target=\"_blank\">Visitez le site de la MT<\/a><\/h6>\t\t<\/div>\n\t\t\t\t<\/div>\n\t\t\t\t<div class=\"elementor-element elementor-element-698af64b elementor-widget elementor-widget-image\" data-id=\"698af64b\" data-element_type=\"widget\" data-widget_type=\"image.default\">\n\t\t\t\t<div class=\"elementor-widget-container\">\n\t\t\t\t\t\t\t\t\t\t\t\t\t\t<a href=\"https:\/\/www.haute-ardenne.be\/fr\" target=\"_blank\">\n\t\t\t\t\t\t\t<img loading=\"lazy\" decoding=\"async\" width=\"360\" height=\"240\" src=\"https:\/\/www.vielsalm-tourisme.be\/fr\/wp-content\/uploads\/2019\/05\/logo_mt-360x240.jpg\" class=\"attachment-hestia-blog size-hestia-blog wp-image-5246\" alt=\"\" \/>\t\t\t\t\t\t\t\t<\/a>\n\t\t\t\t\t\t\t\t\t\t\t\t\t<\/div>\n\t\t\t\t<\/div>\n\t\t\t\t\t<\/div>\n\t\t<\/div>\n\t\t\t\t\t<\/div>\n\t\t<\/section>\n\t\t\t\t<section class=\"elementor-section elementor-top-section elementor-element elementor-element-7e78cd54 elementor-section-boxed elementor-section-height-default elementor-section-height-default\" data-id=\"7e78cd54\" data-element_type=\"section\">\n\t\t\t\t\t\t<div class=\"elementor-container elementor-column-gap-default\">\n\t\t\t\t\t<div class=\"elementor-column elementor-col-100 elementor-top-column elementor-element elementor-element-183b1316\" data-id=\"183b1316\" data-element_type=\"column\">\n\t\t\t<div class=\"elementor-widget-wrap elementor-element-populated\">\n\t\t\t\t\t\t<div class=\"elementor-element elementor-element-6071a8e5 elementor-widget elementor-widget-spacer\" data-id=\"6071a8e5\" data-element_type=\"widget\" data-widget_type=\"spacer.default\">\n\t\t\t\t<div class=\"elementor-widget-container\">\n\t\t\t\t\t<div class=\"elementor-spacer\">\n\t\t\t<div class=\"elementor-spacer-inner\"><\/div>\n\t\t<\/div>\n\t\t\t\t<\/div>\n\t\t\t\t<\/div>\n\t\t\t\t\t<\/div>\n\t\t<\/div>\n\t\t\t\t\t<\/div>\n\t\t<\/section>\n\t\t\t\t<section class=\"elementor-section elementor-top-section elementor-element elementor-element-3f6d30d6 elementor-section-boxed elementor-section-height-default elementor-section-height-default\" data-id=\"3f6d30d6\" data-element_type=\"section\">\n\t\t\t\t\t\t<div class=\"elementor-container elementor-column-gap-default\">\n\t\t\t\t\t<div class=\"elementor-column elementor-col-100 elementor-top-column elementor-element elementor-element-66cb32d6\" data-id=\"66cb32d6\" data-element_type=\"column\">\n\t\t\t<div class=\"elementor-widget-wrap elementor-element-populated\">\n\t\t\t\t\t\t<div class=\"elementor-element elementor-element-1de7d980 elementor-shape-rounded elementor-grid-0 e-grid-align-center elementor-widget elementor-widget-social-icons\" data-id=\"1de7d980\" data-element_type=\"widget\" data-widget_type=\"social-icons.default\">\n\t\t\t\t<div class=\"elementor-widget-container\">\n\t\t\t\t\t<div class=\"elementor-social-icons-wrapper elementor-grid\">\n\t\t\t\t\t\t\t<span class=\"elementor-grid-item\">\n\t\t\t\t\t<a class=\"elementor-icon elementor-social-icon elementor-social-icon-facebook elementor-repeater-item-485a3a6\" href=\"https:\/\/www.facebook.com\/SIVielsalm\" target=\"_blank\">\n\t\t\t\t\t\t<span class=\"elementor-screen-only\">Facebook<\/span>\n\t\t\t\t\t\t\t\t\t\t\t\t\t<i class=\"fa fa-facebook\"><\/i>\n\t\t\t\t\t\t\t\t\t\t\t<\/a>\n\t\t\t\t<\/span>\n\t\t\t\t\t\t\t<span class=\"elementor-grid-item\">\n\t\t\t\t\t<a class=\"elementor-icon elementor-social-icon elementor-social-icon-instagram elementor-repeater-item-9ac74f9\" href=\"https:\/\/www.instagram.com\/vielsalmtourisme\/\" target=\"_blank\">\n\t\t\t\t\t\t<span class=\"elementor-screen-only\">Instagram<\/span>\n\t\t\t\t\t\t\t\t\t\t\t\t\t<i class=\"fa fa-instagram\"><\/i>\n\t\t\t\t\t\t\t\t\t\t\t<\/a>\n\t\t\t\t<\/span>\n\t\t\t\t\t<\/div>\n\t\t\t\t<\/div>\n\t\t\t\t<\/div>\n\t\t\t\t\t<\/div>\n\t\t<\/div>\n\t\t\t\t\t<\/div>\n\t\t<\/section>\n\t\t\t\t<section class=\"elementor-section elementor-top-section elementor-element elementor-element-367ea8d7 elementor-section-boxed elementor-section-height-default elementor-section-height-default\" data-id=\"367ea8d7\" data-element_type=\"section\">\n\t\t\t\t\t\t<div class=\"elementor-container elementor-column-gap-default\">\n\t\t\t\t\t<div class=\"elementor-column elementor-col-100 elementor-top-column elementor-element elementor-element-6ea65390\" data-id=\"6ea65390\" data-element_type=\"column\">\n\t\t\t<div class=\"elementor-widget-wrap elementor-element-populated\">\n\t\t\t\t\t\t<div class=\"elementor-element elementor-element-4f4e2c40 elementor-widget elementor-widget-spacer\" data-id=\"4f4e2c40\" data-element_type=\"widget\" data-widget_type=\"spacer.default\">\n\t\t\t\t<div class=\"elementor-widget-container\">\n\t\t\t\t\t<div class=\"elementor-spacer\">\n\t\t\t<div class=\"elementor-spacer-inner\"><\/div>\n\t\t<\/div>\n\t\t\t\t<\/div>\n\t\t\t\t<\/div>\n\t\t\t\t\t<\/div>\n\t\t<\/div>\n\t\t\t\t\t<\/div>\n\t\t<\/section>\n\t\t\t\t<section class=\"elementor-section elementor-top-section elementor-element elementor-element-33a2c299 elementor-section-stretched elementor-section-boxed elementor-section-height-default elementor-section-height-default\" data-id=\"33a2c299\" data-element_type=\"section\" data-settings=\"{&quot;background_background&quot;:&quot;classic&quot;,&quot;stretch_section&quot;:&quot;section-stretched&quot;}\">\n\t\t\t\t\t\t<div class=\"elementor-container elementor-column-gap-default\">\n\t\t\t\t\t<div class=\"elementor-column elementor-col-33 elementor-top-column elementor-element elementor-element-791c6a0e\" data-id=\"791c6a0e\" data-element_type=\"column\">\n\t\t\t<div class=\"elementor-widget-wrap elementor-element-populated\">\n\t\t\t\t\t\t<div class=\"elementor-element elementor-element-63cbf96b elementor-view-default elementor-widget elementor-widget-icon\" data-id=\"63cbf96b\" data-element_type=\"widget\" data-widget_type=\"icon.default\">\n\t\t\t\t<div class=\"elementor-widget-container\">\n\t\t\t\t\t<div class=\"elementor-icon-wrapper\">\n\t\t\t<div class=\"elementor-icon\">\n\t\t\t\t\t\t\t<i class=\"fa fa-envelope\" aria-hidden=\"true\"><\/i>\n\t\t\t\t\t\t<\/div>\n\t\t<\/div>\n\t\t\t\t<\/div>\n\t\t\t\t<\/div>\n\t\t\t\t<div class=\"elementor-element elementor-element-7b9affe7 elementor-widget elementor-widget-text-editor\" data-id=\"7b9affe7\" data-element_type=\"widget\" data-widget_type=\"text-editor.default\">\n\t\t\t\t<div class=\"elementor-widget-container\">\n\t\t\t\t\t\t\t<p><a href=\"mailto:info@vielsalm-tourisme.be\">info@vielsalm-tourisme.be<\/a><\/p>\t\t\t\t\t\t<\/div>\n\t\t\t\t<\/div>\n\t\t\t\t\t<\/div>\n\t\t<\/div>\n\t\t\t\t<div class=\"elementor-column elementor-col-33 elementor-top-column elementor-element elementor-element-3d8705d8\" data-id=\"3d8705d8\" data-element_type=\"column\">\n\t\t\t<div class=\"elementor-widget-wrap elementor-element-populated\">\n\t\t\t\t\t\t<div class=\"elementor-element elementor-element-207a6842 elementor-view-default elementor-widget elementor-widget-icon\" data-id=\"207a6842\" data-element_type=\"widget\" data-widget_type=\"icon.default\">\n\t\t\t\t<div class=\"elementor-widget-container\">\n\t\t\t\t\t<div class=\"elementor-icon-wrapper\">\n\t\t\t<div class=\"elementor-icon\">\n\t\t\t\t\t\t\t<i class=\"fa fa-map-marker\" aria-hidden=\"true\"><\/i>\n\t\t\t\t\t\t<\/div>\n\t\t<\/div>\n\t\t\t\t<\/div>\n\t\t\t\t<\/div>\n\t\t\t\t<div class=\"elementor-element elementor-element-14fde005 elementor-widget elementor-widget-text-editor\" data-id=\"14fde005\" data-element_type=\"widget\" data-widget_type=\"text-editor.default\">\n\t\t\t\t<div class=\"elementor-widget-container\">\n\t\t\t\t\t\t\t<p>Avenue de la Salm, 50<br \/>6690 VIELSALM<\/p>\t\t\t\t\t\t<\/div>\n\t\t\t\t<\/div>\n\t\t\t\t\t<\/div>\n\t\t<\/div>\n\t\t\t\t<div class=\"elementor-column elementor-col-33 elementor-top-column elementor-element elementor-element-6e5ef146\" data-id=\"6e5ef146\" data-element_type=\"column\">\n\t\t\t<div class=\"elementor-widget-wrap elementor-element-populated\">\n\t\t\t\t\t\t<div class=\"elementor-element elementor-element-3cd17006 elementor-view-default elementor-widget elementor-widget-icon\" data-id=\"3cd17006\" data-element_type=\"widget\" data-widget_type=\"icon.default\">\n\t\t\t\t<div class=\"elementor-widget-container\">\n\t\t\t\t\t<div class=\"elementor-icon-wrapper\">\n\t\t\t<div class=\"elementor-icon\">\n\t\t\t\t\t\t\t<i class=\"fa fa-phone\" aria-hidden=\"true\"><\/i>\n\t\t\t\t\t\t<\/div>\n\t\t<\/div>\n\t\t\t\t<\/div>\n\t\t\t\t<\/div>\n\t\t\t\t<div class=\"elementor-element elementor-element-3f555709 elementor-widget elementor-widget-text-editor\" data-id=\"3f555709\" data-element_type=\"widget\" data-widget_type=\"text-editor.default\">\n\t\t\t\t<div class=\"elementor-widget-container\">\n\t\t\t\t\t\t\t<p>+32 (0)80 21 50 52<\/p>\t\t\t\t\t\t<\/div>\n\t\t\t\t<\/div>\n\t\t\t\t\t<\/div>\n\t\t<\/div>\n\t\t\t\t\t<\/div>\n\t\t<\/section>\n\t\t\t\t<section class=\"elementor-section elementor-top-section elementor-element elementor-element-39759922 elementor-section-boxed elementor-section-height-default elementor-section-height-default\" data-id=\"39759922\" data-element_type=\"section\">\n\t\t\t\t\t\t<div class=\"elementor-container elementor-column-gap-default\">\n\t\t\t\t\t<div class=\"elementor-column elementor-col-100 elementor-top-column elementor-element elementor-element-48e1dec2\" data-id=\"48e1dec2\" data-element_type=\"column\">\n\t\t\t<div class=\"elementor-widget-wrap elementor-element-populated\">\n\t\t\t\t\t\t<div class=\"elementor-element elementor-element-50c6f05 elementor-widget elementor-widget-spacer\" data-id=\"50c6f05\" data-element_type=\"widget\" data-widget_type=\"spacer.default\">\n\t\t\t\t<div class=\"elementor-widget-container\">\n\t\t\t\t\t<div class=\"elementor-spacer\">\n\t\t\t<div class=\"elementor-spacer-inner\"><\/div>\n\t\t<\/div>\n\t\t\t\t<\/div>\n\t\t\t\t<\/div>\n\t\t\t\t\t<\/div>\n\t\t<\/div>\n\t\t\t\t\t<\/div>\n\t\t<\/section>\n\t\t\t\t<section class=\"elementor-section elementor-top-section elementor-element elementor-element-24d6bbc5 elementor-section-stretched elementor-section-boxed elementor-section-height-default elementor-section-height-default\" data-id=\"24d6bbc5\" data-element_type=\"section\" data-settings=\"{&quot;stretch_section&quot;:&quot;section-stretched&quot;}\">\n\t\t\t\t\t\t<div class=\"elementor-container elementor-column-gap-default\">\n\t\t\t\t\t<div class=\"elementor-column elementor-col-33 elementor-top-column elementor-element elementor-element-37eaf12\" data-id=\"37eaf12\" data-element_type=\"column\">\n\t\t\t<div class=\"elementor-widget-wrap elementor-element-populated\">\n\t\t\t\t\t\t<div class=\"elementor-element elementor-element-47798a81 elementor-widget elementor-widget-image\" data-id=\"47798a81\" data-element_type=\"widget\" data-widget_type=\"image.default\">\n\t\t\t\t<div class=\"elementor-widget-container\">\n\t\t\t\t\t\t\t\t\t\t\t\t\t<img loading=\"lazy\" decoding=\"async\" width=\"100\" height=\"43\" src=\"https:\/\/www.vielsalm-tourisme.be\/fr\/wp-content\/uploads\/2019\/02\/logo_luxmini.jpg\" class=\"attachment-thumbnail size-thumbnail wp-image-398\" alt=\"\" \/>\t\t\t\t\t\t\t\t\t\t\t\t\t<\/div>\n\t\t\t\t<\/div>\n\t\t\t\t\t<\/div>\n\t\t<\/div>\n\t\t\t\t<div class=\"elementor-column elementor-col-33 elementor-top-column elementor-element elementor-element-4e7bec26\" data-id=\"4e7bec26\" data-element_type=\"column\">\n\t\t\t<div class=\"elementor-widget-wrap elementor-element-populated\">\n\t\t\t\t\t\t<div class=\"elementor-element elementor-element-292a119 elementor-widget elementor-widget-image\" data-id=\"292a119\" data-element_type=\"widget\" data-widget_type=\"image.default\">\n\t\t\t\t<div class=\"elementor-widget-container\">\n\t\t\t\t\t\t\t\t\t\t\t\t\t<img loading=\"lazy\" decoding=\"async\" width=\"50\" height=\"77\" src=\"https:\/\/www.vielsalm-tourisme.be\/fr\/wp-content\/uploads\/2019\/02\/logo_acmini.jpg\" class=\"attachment-thumbnail size-thumbnail wp-image-400\" alt=\"\" \/>\t\t\t\t\t\t\t\t\t\t\t\t\t<\/div>\n\t\t\t\t<\/div>\n\t\t\t\t\t<\/div>\n\t\t<\/div>\n\t\t\t\t<div class=\"elementor-column elementor-col-33 elementor-top-column elementor-element elementor-element-3ca4deec\" data-id=\"3ca4deec\" data-element_type=\"column\">\n\t\t\t<div class=\"elementor-widget-wrap elementor-element-populated\">\n\t\t\t\t\t\t<div class=\"elementor-element elementor-element-5bc7cfa2 elementor-widget elementor-widget-image\" data-id=\"5bc7cfa2\" data-element_type=\"widget\" data-widget_type=\"image.default\">\n\t\t\t\t<div class=\"elementor-widget-container\">\n\t\t\t\t\t\t\t\t\t\t\t\t\t<img loading=\"lazy\" decoding=\"async\" width=\"100\" height=\"61\" src=\"https:\/\/www.vielsalm-tourisme.be\/fr\/wp-content\/uploads\/2019\/02\/logo_cgtmini.jpg\" class=\"attachment-thumbnail size-thumbnail wp-image-399\" alt=\"\" \/>\t\t\t\t\t\t\t\t\t\t\t\t\t<\/div>\n\t\t\t\t<\/div>\n\t\t\t\t\t<\/div>\n\t\t<\/div>\n\t\t\t\t\t<\/div>\n\t\t<\/section>\n\t\t\t\t<\/div>\n\t\t","protected":false},"excerpt":{"rendered":"<p>P\u00e9riode de chasse La chasse se d\u00e9roule d\u2019octobre \u00e0 d\u00e9cembre. Voici la liste des promenades impact\u00e9es par la chasse au mois de d\u00e9cembre 2025. Les num\u00e9ros de promenades sont ceux indiqu\u00e9s sur la carte de promenades de Vielsalm. Imprimer la liste des chasses de d\u00e9cembre \u00e0 Vielsalm Cette liste est [&hellip;]<\/p>\n","protected":false},"author":1,"featured_media":0,"parent":0,"menu_order":0,"comment_status":"closed","ping_status":"closed","template":"","meta":{"_monsterinsights_skip_tracking":false,"_monsterinsights_sitenote_active":false,"_monsterinsights_sitenote_note":"","_monsterinsights_sitenote_category":0,"footnotes":""},"class_list":["post-6577","page","type-page","status-publish","hentry"],"_links":{"self":[{"href":"https:\/\/www.vielsalm-tourisme.be\/fr\/index.php\/wp-json\/wp\/v2\/pages\/6577","targetHints":{"allow":["GET"]}}],"collection":[{"href":"https:\/\/www.vielsalm-tourisme.be\/fr\/index.php\/wp-json\/wp\/v2\/pages"}],"about":[{"href":"https:\/\/www.vielsalm-tourisme.be\/fr\/index.php\/wp-json\/wp\/v2\/types\/page"}],"author":[{"embeddable":true,"href":"https:\/\/www.vielsalm-tourisme.be\/fr\/index.php\/wp-json\/wp\/v2\/users\/1"}],"replies":[{"embeddable":true,"href":"https:\/\/www.vielsalm-tourisme.be\/fr\/index.php\/wp-json\/wp\/v2\/comments?post=6577"}],"version-history":[{"count":456,"href":"https:\/\/www.vielsalm-tourisme.be\/fr\/index.php\/wp-json\/wp\/v2\/pages\/6577\/revisions"}],"predecessor-version":[{"id":10593,"href":"https:\/\/www.vielsalm-tourisme.be\/fr\/index.php\/wp-json\/wp\/v2\/pages\/6577\/revisions\/10593"}],"wp:attachment":[{"href":"https:\/\/www.vielsalm-tourisme.be\/fr\/index.php\/wp-json\/wp\/v2\/media?parent=6577"}],"curies":[{"name":"wp","href":"https:\/\/api.w.org\/{rel}","templated":true}]}}